{"id":16400,"date":"2022-06-21T16:58:51","date_gmt":"2022-06-21T14:58:51","guid":{"rendered":"https:\/\/www.anny-cosmetics.com\/?page_id=16400"},"modified":"2026-01-28T09:34:38","modified_gmt":"2026-01-28T08:34:38","slug":"faq","status":"publish","type":"page","link":"https:\/\/www.anny-cosmetics.com\/de\/faq\/","title":{"rendered":"FAQ"},"content":{"rendered":"\t\t<div data-elementor-type=\"wp-page\" data-elementor-id=\"16400\" class=\"elementor elementor-16400\" data-elementor-post-type=\"page\">\n\t\t\t\t\t\t<section class=\"elementor-section elementor-top-section elementor-element elementor-element-8db06d0 elementor-section-boxed elementor-section-height-default elementor-section-height-default\" data-id=\"8db06d0\" data-element_type=\"section\">\n\t\t\t\t\t\t<div class=\"elementor-container elementor-column-gap-default\">\n\t\t\t\t\t<div class=\"elementor-column elementor-col-100 elementor-top-column elementor-element elementor-element-b778c4f\" data-id=\"b778c4f\" data-element_type=\"column\">\n\t\t\t<div class=\"elementor-widget-wrap elementor-element-populated\">\n\t\t\t\t\t\t<div class=\"elementor-element elementor-element-d776d65 elementor-widget elementor-widget-text-editor\" data-id=\"d776d65\" data-element_type=\"widget\" data-widget_type=\"text-editor.default\">\n\t\t\t\t<div class=\"elementor-widget-container\">\n\t\t\t\t\t\t\t\t\t<p>Tipps und Hinweise zu unseren Produkten<\/p>\t\t\t\t\t\t\t\t<\/div>\n\t\t\t\t<\/div>\n\t\t\t\t<div class=\"elementor-element elementor-element-94aad95 elementor-widget elementor-widget-heading\" data-id=\"94aad95\" data-element_type=\"widget\" data-widget_type=\"heading.default\">\n\t\t\t\t<div class=\"elementor-widget-container\">\n\t\t\t\t\t<h2 class=\"elementor-heading-title elementor-size-default\">FAQ<\/h2>\t\t\t\t<\/div>\n\t\t\t\t<\/div>\n\t\t\t\t\t<\/div>\n\t\t<\/div>\n\t\t\t\t\t<\/div>\n\t\t<\/section>\n\t\t\t\t<section class=\"elementor-section elementor-top-section elementor-element elementor-element-63d192a5 elementor-section-boxed elementor-section-height-default elementor-section-height-default\" data-id=\"63d192a5\" data-element_type=\"section\">\n\t\t\t\t\t\t<div class=\"elementor-container elementor-column-gap-default\">\n\t\t\t\t\t<div class=\"elementor-column elementor-col-100 elementor-top-column elementor-element elementor-element-43715687\" data-id=\"43715687\" data-element_type=\"column\">\n\t\t\t<div class=\"elementor-widget-wrap elementor-element-populated\">\n\t\t\t\t\t\t<div class=\"elementor-element elementor-element-6d07e9e5 elementor-widget elementor-widget-heading\" data-id=\"6d07e9e5\" data-element_type=\"widget\" data-widget_type=\"heading.default\">\n\t\t\t\t<div class=\"elementor-widget-container\">\n\t\t\t\t\t<h3 class=\"elementor-heading-title elementor-size-default\">ALLGEMEINE FRAGEN<\/h3>\t\t\t\t<\/div>\n\t\t\t\t<\/div>\n\t\t\t\t<div class=\"elementor-element elementor-element-7cacf2ca elementor-widget elementor-widget-accordion\" data-id=\"7cacf2ca\" data-element_type=\"widget\" data-widget_type=\"accordion.default\">\n\t\t\t\t<div class=\"elementor-widget-container\">\n\t\t\t\t\t\t\t<div class=\"elementor-accordion\">\n\t\t\t\t\t\t\t<div class=\"elementor-accordion-item\">\n\t\t\t\t\t<div id=\"elementor-tab-title-2091\" class=\"elementor-tab-title\" data-tab=\"1\" role=\"button\" aria-controls=\"elementor-tab-content-2091\" aria-expanded=\"false\">\n\t\t\t\t\t\t\t\t\t\t\t\t\t<span class=\"elementor-accordion-icon elementor-accordion-icon-left\" aria-hidden=\"true\">\n\t\t\t\t\t\t\t\t\t\t\t\t\t\t\t<span class=\"elementor-accordion-icon-closed\"><i class=\"fas fa-plus\"><\/i><\/span>\n\t\t\t\t\t\t\t\t<span class=\"elementor-accordion-icon-opened\"><i class=\"fas fa-minus\"><\/i><\/span>\n\t\t\t\t\t\t\t\t\t\t\t\t\t\t<\/span>\n\t\t\t\t\t\t\t\t\t\t\t\t<a class=\"elementor-accordion-title\" tabindex=\"0\">Darf ich Nagellack auftragen, wenn ich schwanger bin?<\/a>\n\t\t\t\t\t<\/div>\n\t\t\t\t\t<div id=\"elementor-tab-content-2091\" class=\"elementor-tab-content elementor-clearfix\" data-tab=\"1\" role=\"region\" aria-labelledby=\"elementor-tab-title-2091\"><p>Grunds\u00e4tzlich wird die Sicherheit von Kosmetika in der Schwangerschaft bei der Produktentwicklung ber\u00fccksichtigt. Allerdings sollten Sie bedenken, dass Ihr K\u00f6rper w\u00e4hrend der Schwangerschaft und Stillzeit sensibler auf \u00e4u\u00dfere Einfl\u00fcsse reagieren kann. Wenn Sie also Zweifel bez\u00fcglich Ihrer pers\u00f6nlichen Vertr\u00e4glichkeit haben, befragen Sie bitte unbedingt Ihren Hautarzt.<\/p><\/div>\n\t\t\t\t<\/div>\n\t\t\t\t\t\t\t<div class=\"elementor-accordion-item\">\n\t\t\t\t\t<div id=\"elementor-tab-title-2092\" class=\"elementor-tab-title\" data-tab=\"2\" role=\"button\" aria-controls=\"elementor-tab-content-2092\" aria-expanded=\"false\">\n\t\t\t\t\t\t\t\t\t\t\t\t\t<span class=\"elementor-accordion-icon elementor-accordion-icon-left\" aria-hidden=\"true\">\n\t\t\t\t\t\t\t\t\t\t\t\t\t\t\t<span class=\"elementor-accordion-icon-closed\"><i class=\"fas fa-plus\"><\/i><\/span>\n\t\t\t\t\t\t\t\t<span class=\"elementor-accordion-icon-opened\"><i class=\"fas fa-minus\"><\/i><\/span>\n\t\t\t\t\t\t\t\t\t\t\t\t\t\t<\/span>\n\t\t\t\t\t\t\t\t\t\t\t\t<a class=\"elementor-accordion-title\" tabindex=\"0\">Wann ist ein Nagellack trocken?<\/a>\n\t\t\t\t\t<\/div>\n\t\t\t\t\t<div id=\"elementor-tab-content-2092\" class=\"elementor-tab-content elementor-clearfix\" data-tab=\"2\" role=\"region\" aria-labelledby=\"elementor-tab-title-2092\"><p>Je d\u00fcnner und gleichm\u00e4\u00dfiger die Nagellackschichten aufgetragen werden, desto besser trocknet der Nagellack. Wichtig ist hierbei Geduld. Zwischen der ersten und der zweiten Lackierung muss der Nagellack 3-5 Minuten angetrocknet sein. Nach ca. 10-15 Minuten ist der Nagellack vollst\u00e4ndig getrocknet.<\/p><\/div>\n\t\t\t\t<\/div>\n\t\t\t\t\t\t\t<div class=\"elementor-accordion-item\">\n\t\t\t\t\t<div id=\"elementor-tab-title-2093\" class=\"elementor-tab-title\" data-tab=\"3\" role=\"button\" aria-controls=\"elementor-tab-content-2093\" aria-expanded=\"false\">\n\t\t\t\t\t\t\t\t\t\t\t\t\t<span class=\"elementor-accordion-icon elementor-accordion-icon-left\" aria-hidden=\"true\">\n\t\t\t\t\t\t\t\t\t\t\t\t\t\t\t<span class=\"elementor-accordion-icon-closed\"><i class=\"fas fa-plus\"><\/i><\/span>\n\t\t\t\t\t\t\t\t<span class=\"elementor-accordion-icon-opened\"><i class=\"fas fa-minus\"><\/i><\/span>\n\t\t\t\t\t\t\t\t\t\t\t\t\t\t<\/span>\n\t\t\t\t\t\t\t\t\t\t\t\t<a class=\"elementor-accordion-title\" tabindex=\"0\">Was kann ich bei einer \u00f6ligen Nageloberfl\u00e4che tun?<\/a>\n\t\t\t\t\t<\/div>\n\t\t\t\t\t<div id=\"elementor-tab-content-2093\" class=\"elementor-tab-content elementor-clearfix\" data-tab=\"3\" role=\"region\" aria-labelledby=\"elementor-tab-title-2093\"><p>Liegt ein \u00d6l- oder Fettfilm auf dem Nagel, kann sich der Nagellack nach dem Auftragen zusammenziehen. Der Nagel sollte daher vor jeder Anwendung mehrmals sorgf\u00e4ltig mit <a href=\"\/produkt\/nail-polish-remover-aceton-free-ay11-111\/\">ANNY NAIL POLISH REMOVER<\/a>\u00a0gereinigt werden.<\/p><\/div>\n\t\t\t\t<\/div>\n\t\t\t\t\t\t\t<div class=\"elementor-accordion-item\">\n\t\t\t\t\t<div id=\"elementor-tab-title-2094\" class=\"elementor-tab-title\" data-tab=\"4\" role=\"button\" aria-controls=\"elementor-tab-content-2094\" aria-expanded=\"false\">\n\t\t\t\t\t\t\t\t\t\t\t\t\t<span class=\"elementor-accordion-icon elementor-accordion-icon-left\" aria-hidden=\"true\">\n\t\t\t\t\t\t\t\t\t\t\t\t\t\t\t<span class=\"elementor-accordion-icon-closed\"><i class=\"fas fa-plus\"><\/i><\/span>\n\t\t\t\t\t\t\t\t<span class=\"elementor-accordion-icon-opened\"><i class=\"fas fa-minus\"><\/i><\/span>\n\t\t\t\t\t\t\t\t\t\t\t\t\t\t<\/span>\n\t\t\t\t\t\t\t\t\t\t\t\t<a class=\"elementor-accordion-title\" tabindex=\"0\">Was kann ich machen, wenn mein Nagellack dickfl\u00fcssig geworden ist?<\/a>\n\t\t\t\t\t<\/div>\n\t\t\t\t\t<div id=\"elementor-tab-content-2094\" class=\"elementor-tab-content elementor-clearfix\" data-tab=\"4\" role=\"region\" aria-labelledby=\"elementor-tab-title-2094\"><p>Nagellack kann andicken, wenn nach dem Gebrauch die Flasche nicht richtig verschlossen, oder der Nagellack falsch gelagert wurde. Einige Tropfen Nagellackverd\u00fcnner machen den Nagellack wieder streichf\u00e4hig. Nagellackentferner ist zum Verd\u00fcnnen nicht geeignet.<\/p><\/div>\n\t\t\t\t<\/div>\n\t\t\t\t\t\t\t<div class=\"elementor-accordion-item\">\n\t\t\t\t\t<div id=\"elementor-tab-title-2095\" class=\"elementor-tab-title\" data-tab=\"5\" role=\"button\" aria-controls=\"elementor-tab-content-2095\" aria-expanded=\"false\">\n\t\t\t\t\t\t\t\t\t\t\t\t\t<span class=\"elementor-accordion-icon elementor-accordion-icon-left\" aria-hidden=\"true\">\n\t\t\t\t\t\t\t\t\t\t\t\t\t\t\t<span class=\"elementor-accordion-icon-closed\"><i class=\"fas fa-plus\"><\/i><\/span>\n\t\t\t\t\t\t\t\t<span class=\"elementor-accordion-icon-opened\"><i class=\"fas fa-minus\"><\/i><\/span>\n\t\t\t\t\t\t\t\t\t\t\t\t\t\t<\/span>\n\t\t\t\t\t\t\t\t\t\t\t\t<a class=\"elementor-accordion-title\" tabindex=\"0\">Werden bei ANNY Tierversuche durchgef\u00fchrt?<\/a>\n\t\t\t\t\t<\/div>\n\t\t\t\t\t<div id=\"elementor-tab-content-2095\" class=\"elementor-tab-content elementor-clearfix\" data-tab=\"5\" role=\"region\" aria-labelledby=\"elementor-tab-title-2095\"><p>ANNY lehnt Tierversuche ausdr\u00fccklich ab. ANNY f\u00fchrt keine Tierversuche an kosmetischen Produkten durch und gibt diese auch nicht in Auftrag. Tierversuche sind bereits seit 1986 nach dem Tierschutzgesetz f\u00fcr dekorative Kosmetikprodukte verboten. Seit 1998 gilt dies f\u00fcr alle kosmetischen Fertigprodukte. Ein entsprechendes Verbot gibt es seit M\u00e4rz 2009 auch f\u00fcr Kosmetikrohstoffe, was ANNY ausdr\u00fccklich begr\u00fc\u00dft! Danach d\u00fcrfen Rohstoffe, die f\u00fcr die Verwendung in Kosmetika entwickelt wurden, nicht mehr mit Tierversuchen bez\u00fcglich ihrer Vertr\u00e4glichkeit getestet werden. ANNY l\u00e4sst sich auch von seinen Vorlieferanten best\u00e4tigen, dass von ihnen keine Tierversuche vorgenommen werden. ANNY f\u00fchrt interne Anwendungstests oder Patch-Tests (Epikutantests) an freiwilligen Testpersonen durch, die zur Feststellung der lokalen Vertr\u00e4glichkeit eines Produktes dienen. ANNY ist gegen Tierversuche.<\/p><\/div>\n\t\t\t\t<\/div>\n\t\t\t\t\t\t\t<div class=\"elementor-accordion-item\">\n\t\t\t\t\t<div id=\"elementor-tab-title-2096\" class=\"elementor-tab-title\" data-tab=\"6\" role=\"button\" aria-controls=\"elementor-tab-content-2096\" aria-expanded=\"false\">\n\t\t\t\t\t\t\t\t\t\t\t\t\t<span class=\"elementor-accordion-icon elementor-accordion-icon-left\" aria-hidden=\"true\">\n\t\t\t\t\t\t\t\t\t\t\t\t\t\t\t<span class=\"elementor-accordion-icon-closed\"><i class=\"fas fa-plus\"><\/i><\/span>\n\t\t\t\t\t\t\t\t<span class=\"elementor-accordion-icon-opened\"><i class=\"fas fa-minus\"><\/i><\/span>\n\t\t\t\t\t\t\t\t\t\t\t\t\t\t<\/span>\n\t\t\t\t\t\t\t\t\t\t\t\t<a class=\"elementor-accordion-title\" tabindex=\"0\">Wie bewahre ich Nagellack richtig auf?<\/a>\n\t\t\t\t\t<\/div>\n\t\t\t\t\t<div id=\"elementor-tab-content-2096\" class=\"elementor-tab-content elementor-clearfix\" data-tab=\"6\" role=\"region\" aria-labelledby=\"elementor-tab-title-2096\"><p>Die normale Raumtemperatur ist zur Aufbewahrung von Nagellack optimal. Wenn der Nagellack f\u00fcr eine l\u00e4ngere Haltbarkeit im K\u00fchlschrank zwischengelagert wird, muss beachtet werden, dass der Lack f\u00fcr ein perfektes Ergebnis vor dem Lackieren wieder die Raumtemperatur erreicht haben muss.<\/p><\/div>\n\t\t\t\t<\/div>\n\t\t\t\t\t\t\t<div class=\"elementor-accordion-item\">\n\t\t\t\t\t<div id=\"elementor-tab-title-2097\" class=\"elementor-tab-title\" data-tab=\"7\" role=\"button\" aria-controls=\"elementor-tab-content-2097\" aria-expanded=\"false\">\n\t\t\t\t\t\t\t\t\t\t\t\t\t<span class=\"elementor-accordion-icon elementor-accordion-icon-left\" aria-hidden=\"true\">\n\t\t\t\t\t\t\t\t\t\t\t\t\t\t\t<span class=\"elementor-accordion-icon-closed\"><i class=\"fas fa-plus\"><\/i><\/span>\n\t\t\t\t\t\t\t\t<span class=\"elementor-accordion-icon-opened\"><i class=\"fas fa-minus\"><\/i><\/span>\n\t\t\t\t\t\t\t\t\t\t\t\t\t\t<\/span>\n\t\t\t\t\t\t\t\t\t\t\t\t<a class=\"elementor-accordion-title\" tabindex=\"0\">Wie kann ich mich \u00fcber die Inhaltsstoffe der Produkte informieren?<\/a>\n\t\t\t\t\t<\/div>\n\t\t\t\t\t<div id=\"elementor-tab-content-2097\" class=\"elementor-tab-content elementor-clearfix\" data-tab=\"7\" role=\"region\" aria-labelledby=\"elementor-tab-title-2097\"><p>Die Inhaltsstoffe sind auf der Faltschachtel des jeweiligen Produktes aufgelistet. Sollte ein Produkt keine Faltschachtel haben, liegt in jedem Verkaufspunkt eine Liste der Inhaltsstoffe aus. Auf Wunsch teilen wir Ihnen die Inhaltsstoffe auch gerne mit. Schicken Sie uns hierzu einfach eine Mail mit der exakten Produktbezeichnung an <a href=\"mailto:info@anny-cosmetics.com\">info@anny-cosmetics.com<\/a>.<\/p><\/div>\n\t\t\t\t<\/div>\n\t\t\t\t\t\t\t<div class=\"elementor-accordion-item\">\n\t\t\t\t\t<div id=\"elementor-tab-title-2098\" class=\"elementor-tab-title\" data-tab=\"8\" role=\"button\" aria-controls=\"elementor-tab-content-2098\" aria-expanded=\"false\">\n\t\t\t\t\t\t\t\t\t\t\t\t\t<span class=\"elementor-accordion-icon elementor-accordion-icon-left\" aria-hidden=\"true\">\n\t\t\t\t\t\t\t\t\t\t\t\t\t\t\t<span class=\"elementor-accordion-icon-closed\"><i class=\"fas fa-plus\"><\/i><\/span>\n\t\t\t\t\t\t\t\t<span class=\"elementor-accordion-icon-opened\"><i class=\"fas fa-minus\"><\/i><\/span>\n\t\t\t\t\t\t\t\t\t\t\t\t\t\t<\/span>\n\t\t\t\t\t\t\t\t\t\t\t\t<a class=\"elementor-accordion-title\" tabindex=\"0\">Wie sollte ich einen Unterlack verwenden?<\/a>\n\t\t\t\t\t<\/div>\n\t\t\t\t\t<div id=\"elementor-tab-content-2098\" class=\"elementor-tab-content elementor-clearfix\" data-tab=\"8\" role=\"region\" aria-labelledby=\"elementor-tab-title-2098\"><p>Der Unterlack bildet die Basis f\u00fcr den Nagellack und sch\u00fctzt sowohl Natur- als auch Kunstn\u00e4gel vor Verf\u00e4rbungen. Bevor der Farblack aufgetragen wird, muss der Unterlack zumindest angetrocknet sein.<\/p><\/div>\n\t\t\t\t<\/div>\n\t\t\t\t\t\t\t<div class=\"elementor-accordion-item\">\n\t\t\t\t\t<div id=\"elementor-tab-title-2099\" class=\"elementor-tab-title\" data-tab=\"9\" role=\"button\" aria-controls=\"elementor-tab-content-2099\" aria-expanded=\"false\">\n\t\t\t\t\t\t\t\t\t\t\t\t\t<span class=\"elementor-accordion-icon elementor-accordion-icon-left\" aria-hidden=\"true\">\n\t\t\t\t\t\t\t\t\t\t\t\t\t\t\t<span class=\"elementor-accordion-icon-closed\"><i class=\"fas fa-plus\"><\/i><\/span>\n\t\t\t\t\t\t\t\t<span class=\"elementor-accordion-icon-opened\"><i class=\"fas fa-minus\"><\/i><\/span>\n\t\t\t\t\t\t\t\t\t\t\t\t\t\t<\/span>\n\t\t\t\t\t\t\t\t\t\t\t\t<a class=\"elementor-accordion-title\" tabindex=\"0\">Wo kann ich ANNY-Produkte erwerben?<\/a>\n\t\t\t\t\t<\/div>\n\t\t\t\t\t<div id=\"elementor-tab-content-2099\" class=\"elementor-tab-content elementor-clearfix\" data-tab=\"9\" role=\"region\" aria-labelledby=\"elementor-tab-title-2099\"><p>ANNY-Produkte sind im Handel bei Douglas und M\u00fcller sowie im <a href=\"https:\/\/www.douglas.de\/de\/b\/anny\/b1716\" target=\"_blank\" rel=\"noopener\">Douglas<\/a> bzw. <a href=\"https:\/\/www.mueller.de\/search\/?q=anny&amp;ms=true\" target=\"_blank\" rel=\"noopener\">M\u00fcller-Onlineshop<\/a> erh\u00e4ltlich.<\/p><\/div>\n\t\t\t\t<\/div>\n\t\t\t\t\t\t\t\t\t\t<script type=\"application\/ld+json\">{\"@context\":\"https:\\\/\\\/schema.org\",\"@type\":\"FAQPage\",\"mainEntity\":[{\"@type\":\"Question\",\"name\":\"Darf ich Nagellack auftragen, wenn ich schwanger bin?\",\"acceptedAnswer\":{\"@type\":\"Answer\",\"text\":\"<p>Grunds\\u00e4tzlich wird die Sicherheit von Kosmetika in der Schwangerschaft bei der Produktentwicklung ber\\u00fccksichtigt. Allerdings sollten Sie bedenken, dass Ihr K\\u00f6rper w\\u00e4hrend der Schwangerschaft und Stillzeit sensibler auf \\u00e4u\\u00dfere Einfl\\u00fcsse reagieren kann. Wenn Sie also Zweifel bez\\u00fcglich Ihrer pers\\u00f6nlichen Vertr\\u00e4glichkeit haben, befragen Sie bitte unbedingt Ihren Hautarzt.<\\\/p>\"}},{\"@type\":\"Question\",\"name\":\"Wann ist ein Nagellack trocken?\",\"acceptedAnswer\":{\"@type\":\"Answer\",\"text\":\"<p>Je d\\u00fcnner und gleichm\\u00e4\\u00dfiger die Nagellackschichten aufgetragen werden, desto besser trocknet der Nagellack. Wichtig ist hierbei Geduld. Zwischen der ersten und der zweiten Lackierung muss der Nagellack 3-5 Minuten angetrocknet sein. Nach ca. 10-15 Minuten ist der Nagellack vollst\\u00e4ndig getrocknet.<\\\/p>\"}},{\"@type\":\"Question\",\"name\":\"Was kann ich bei einer \\u00f6ligen Nageloberfl\\u00e4che tun?\",\"acceptedAnswer\":{\"@type\":\"Answer\",\"text\":\"<p>Liegt ein \\u00d6l- oder Fettfilm auf dem Nagel, kann sich der Nagellack nach dem Auftragen zusammenziehen. Der Nagel sollte daher vor jeder Anwendung mehrmals sorgf\\u00e4ltig mit <a href=\\\"\\\/produkt\\\/nail-polish-remover-aceton-free-ay11-111\\\/\\\">ANNY NAIL POLISH REMOVER<\\\/a>\\u00a0gereinigt werden.<\\\/p>\"}},{\"@type\":\"Question\",\"name\":\"Was kann ich machen, wenn mein Nagellack dickfl\\u00fcssig geworden ist?\",\"acceptedAnswer\":{\"@type\":\"Answer\",\"text\":\"<p>Nagellack kann andicken, wenn nach dem Gebrauch die Flasche nicht richtig verschlossen, oder der Nagellack falsch gelagert wurde. Einige Tropfen Nagellackverd\\u00fcnner machen den Nagellack wieder streichf\\u00e4hig. Nagellackentferner ist zum Verd\\u00fcnnen nicht geeignet.<\\\/p>\"}},{\"@type\":\"Question\",\"name\":\"Werden bei ANNY Tierversuche durchgef\\u00fchrt?\",\"acceptedAnswer\":{\"@type\":\"Answer\",\"text\":\"<p>ANNY lehnt Tierversuche ausdr\\u00fccklich ab. ANNY f\\u00fchrt keine Tierversuche an kosmetischen Produkten durch und gibt diese auch nicht in Auftrag. Tierversuche sind bereits seit 1986 nach dem Tierschutzgesetz f\\u00fcr dekorative Kosmetikprodukte verboten. Seit 1998 gilt dies f\\u00fcr alle kosmetischen Fertigprodukte. Ein entsprechendes Verbot gibt es seit M\\u00e4rz 2009 auch f\\u00fcr Kosmetikrohstoffe, was ANNY ausdr\\u00fccklich begr\\u00fc\\u00dft! Danach d\\u00fcrfen Rohstoffe, die f\\u00fcr die Verwendung in Kosmetika entwickelt wurden, nicht mehr mit Tierversuchen bez\\u00fcglich ihrer Vertr\\u00e4glichkeit getestet werden. ANNY l\\u00e4sst sich auch von seinen Vorlieferanten best\\u00e4tigen, dass von ihnen keine Tierversuche vorgenommen werden. ANNY f\\u00fchrt interne Anwendungstests oder Patch-Tests (Epikutantests) an freiwilligen Testpersonen durch, die zur Feststellung der lokalen Vertr\\u00e4glichkeit eines Produktes dienen. ANNY ist gegen Tierversuche.<\\\/p>\"}},{\"@type\":\"Question\",\"name\":\"Wie bewahre ich Nagellack richtig auf?\",\"acceptedAnswer\":{\"@type\":\"Answer\",\"text\":\"<p>Die normale Raumtemperatur ist zur Aufbewahrung von Nagellack optimal. Wenn der Nagellack f\\u00fcr eine l\\u00e4ngere Haltbarkeit im K\\u00fchlschrank zwischengelagert wird, muss beachtet werden, dass der Lack f\\u00fcr ein perfektes Ergebnis vor dem Lackieren wieder die Raumtemperatur erreicht haben muss.<\\\/p>\"}},{\"@type\":\"Question\",\"name\":\"Wie kann ich mich \\u00fcber die Inhaltsstoffe der Produkte informieren?\",\"acceptedAnswer\":{\"@type\":\"Answer\",\"text\":\"<p>Die Inhaltsstoffe sind auf der Faltschachtel des jeweiligen Produktes aufgelistet. Sollte ein Produkt keine Faltschachtel haben, liegt in jedem Verkaufspunkt eine Liste der Inhaltsstoffe aus. Auf Wunsch teilen wir Ihnen die Inhaltsstoffe auch gerne mit. Schicken Sie uns hierzu einfach eine Mail mit der exakten Produktbezeichnung an <a href=\\\"mailto:info@anny-cosmetics.com\\\">info@anny-cosmetics.com<\\\/a>.<\\\/p>\"}},{\"@type\":\"Question\",\"name\":\"Wie sollte ich einen Unterlack verwenden?\",\"acceptedAnswer\":{\"@type\":\"Answer\",\"text\":\"<p>Der Unterlack bildet die Basis f\\u00fcr den Nagellack und sch\\u00fctzt sowohl Natur- als auch Kunstn\\u00e4gel vor Verf\\u00e4rbungen. Bevor der Farblack aufgetragen wird, muss der Unterlack zumindest angetrocknet sein.<\\\/p>\"}},{\"@type\":\"Question\",\"name\":\"Wo kann ich ANNY-Produkte erwerben?\",\"acceptedAnswer\":{\"@type\":\"Answer\",\"text\":\"<p>ANNY-Produkte sind im Handel bei Douglas und M\\u00fcller sowie im <a href=\\\"https:\\\/\\\/www.douglas.de\\\/de\\\/b\\\/anny\\\/b1716\\\" target=\\\"_blank\\\" rel=\\\"noopener\\\">Douglas<\\\/a> bzw. <a href=\\\"https:\\\/\\\/www.mueller.de\\\/search\\\/?q=anny&amp;ms=true\\\" target=\\\"_blank\\\" rel=\\\"noopener\\\">M\\u00fcller-Onlineshop<\\\/a> erh\\u00e4ltlich.<\\\/p>\"}}]}<\/script>\n\t\t\t\t\t<\/div>\n\t\t\t\t\t\t<\/div>\n\t\t\t\t<\/div>\n\t\t\t\t\t<\/div>\n\t\t<\/div>\n\t\t\t\t\t<\/div>\n\t\t<\/section>\n\t\t\t\t<section class=\"elementor-section elementor-top-section elementor-element elementor-element-a2a4f9c elementor-section-boxed elementor-section-height-default elementor-section-height-default\" data-id=\"a2a4f9c\" data-element_type=\"section\">\n\t\t\t\t\t\t<div class=\"elementor-container elementor-column-gap-default\">\n\t\t\t\t\t<div class=\"elementor-column elementor-col-100 elementor-top-column elementor-element elementor-element-b0b07dd\" data-id=\"b0b07dd\" data-element_type=\"column\">\n\t\t\t<div class=\"elementor-widget-wrap elementor-element-populated\">\n\t\t\t\t\t\t<div class=\"elementor-element elementor-element-d2efab8 elementor-widget elementor-widget-heading\" data-id=\"d2efab8\" data-element_type=\"widget\" data-widget_type=\"heading.default\">\n\t\t\t\t<div class=\"elementor-widget-container\">\n\t\t\t\t\t<h3 class=\"elementor-heading-title elementor-size-default\">FRAGEN ZUR ANWENDUNG<\/h3>\t\t\t\t<\/div>\n\t\t\t\t<\/div>\n\t\t\t\t<div class=\"elementor-element elementor-element-19ba6ef elementor-widget elementor-widget-accordion\" data-id=\"19ba6ef\" data-element_type=\"widget\" data-widget_type=\"accordion.default\">\n\t\t\t\t<div class=\"elementor-widget-container\">\n\t\t\t\t\t\t\t<div class=\"elementor-accordion\">\n\t\t\t\t\t\t\t<div class=\"elementor-accordion-item\">\n\t\t\t\t\t<div id=\"elementor-tab-title-2691\" class=\"elementor-tab-title\" data-tab=\"1\" role=\"button\" aria-controls=\"elementor-tab-content-2691\" aria-expanded=\"false\">\n\t\t\t\t\t\t\t\t\t\t\t\t\t<span class=\"elementor-accordion-icon elementor-accordion-icon-left\" aria-hidden=\"true\">\n\t\t\t\t\t\t\t\t\t\t\t\t\t\t\t<span class=\"elementor-accordion-icon-closed\"><i class=\"fas fa-plus\"><\/i><\/span>\n\t\t\t\t\t\t\t\t<span class=\"elementor-accordion-icon-opened\"><i class=\"fas fa-minus\"><\/i><\/span>\n\t\t\t\t\t\t\t\t\t\t\t\t\t\t<\/span>\n\t\t\t\t\t\t\t\t\t\t\t\t<a class=\"elementor-accordion-title\" tabindex=\"0\">Bevor ich den Nagellack auftrage, wie bereite ich meine Naturn\u00e4gel ideal vor?<\/a>\n\t\t\t\t\t<\/div>\n\t\t\t\t\t<div id=\"elementor-tab-content-2691\" class=\"elementor-tab-content elementor-clearfix\" data-tab=\"1\" role=\"region\" aria-labelledby=\"elementor-tab-title-2691\"><p>Zuallererst werden die Naturn\u00e4gel mit einer ANNY-Nagelfeile in die gew\u00fcnschte L\u00e4nge gefeilt. Naturn\u00e4gel sollten nicht mit einer Schere geschnitten werden, da beim Schneiden die Keratinschicht an den Nagelspitzen aufspringt und splittert. Damit der Nagellack gut h\u00e4lt, m\u00fcssen die N\u00e4gel frei von Hautsch\u00fcppchen, Nagellackresten sowie Fett und Staub sein. Das gelingt durch den acetonfreien Nagellackentferner <a href=\"\/produkt\/nail-polish-remover-aceton-free-ay11-111\/\">NAIL POLISH REMOVER<\/a>. Zu beachten gilt auch, dass der Nagellack nicht unmittelbar nach dem Putzen oder einem Nagelbad aufgetragen wird, da die N\u00e4gel Wasser speichern und die Haltbarkeit des Nagellacks dadurch beeintr\u00e4chtigt wird.<\/p><\/div>\n\t\t\t\t<\/div>\n\t\t\t\t\t\t\t<div class=\"elementor-accordion-item\">\n\t\t\t\t\t<div id=\"elementor-tab-title-2692\" class=\"elementor-tab-title\" data-tab=\"2\" role=\"button\" aria-controls=\"elementor-tab-content-2692\" aria-expanded=\"false\">\n\t\t\t\t\t\t\t\t\t\t\t\t\t<span class=\"elementor-accordion-icon elementor-accordion-icon-left\" aria-hidden=\"true\">\n\t\t\t\t\t\t\t\t\t\t\t\t\t\t\t<span class=\"elementor-accordion-icon-closed\"><i class=\"fas fa-plus\"><\/i><\/span>\n\t\t\t\t\t\t\t\t<span class=\"elementor-accordion-icon-opened\"><i class=\"fas fa-minus\"><\/i><\/span>\n\t\t\t\t\t\t\t\t\t\t\t\t\t\t<\/span>\n\t\t\t\t\t\t\t\t\t\t\t\t<a class=\"elementor-accordion-title\" tabindex=\"0\">Warum splittert Nagellack an den Spitzen ab?<\/a>\n\t\t\t\t\t<\/div>\n\t\t\t\t\t<div id=\"elementor-tab-content-2692\" class=\"elementor-tab-content elementor-clearfix\" data-tab=\"2\" role=\"region\" aria-labelledby=\"elementor-tab-title-2692\"><p>Je besser die Struktur des Naturnagels ist, desto l\u00e4nger h\u00e4lt der Nagellack an den Spitzen. Wenn sich das Keratin des Nagels spaltet, k\u00f6nnen sch\u00e4dliche Umwelteinfl\u00fcsse wie chemische Putzmittel etc. in den Nagel eindringen. Dies beeintr\u00e4chtigt die Haltbarkeit von Nagellack. Dem Absplittern entgegenwirken kann man durch das Versiegeln des Nagellacks und durch das Verwenden eines <a href=\"https:\/\/www.anny-cosmetics.com\/de\/produkte\/nail-care-specials\/base-top-coat\/\">Unter- und \u00dcberlacks<\/a>.<\/p><\/div>\n\t\t\t\t<\/div>\n\t\t\t\t\t\t\t<div class=\"elementor-accordion-item\">\n\t\t\t\t\t<div id=\"elementor-tab-title-2693\" class=\"elementor-tab-title\" data-tab=\"3\" role=\"button\" aria-controls=\"elementor-tab-content-2693\" aria-expanded=\"false\">\n\t\t\t\t\t\t\t\t\t\t\t\t\t<span class=\"elementor-accordion-icon elementor-accordion-icon-left\" aria-hidden=\"true\">\n\t\t\t\t\t\t\t\t\t\t\t\t\t\t\t<span class=\"elementor-accordion-icon-closed\"><i class=\"fas fa-plus\"><\/i><\/span>\n\t\t\t\t\t\t\t\t<span class=\"elementor-accordion-icon-opened\"><i class=\"fas fa-minus\"><\/i><\/span>\n\t\t\t\t\t\t\t\t\t\t\t\t\t\t<\/span>\n\t\t\t\t\t\t\t\t\t\t\t\t<a class=\"elementor-accordion-title\" tabindex=\"0\">Wie entferne ich Effektlacke wie Sand- und Glitterlacke?<\/a>\n\t\t\t\t\t<\/div>\n\t\t\t\t\t<div id=\"elementor-tab-content-2693\" class=\"elementor-tab-content elementor-clearfix\" data-tab=\"3\" role=\"region\" aria-labelledby=\"elementor-tab-title-2693\"><p>Ein Baumwolltuch oder Wattepads eignen sich hervorragend daf\u00fcr. Schneide das Tuch das den Wattebausch zun\u00e4chst in St\u00fccke, die alle N\u00e4gel bedecken. Tr\u00e4nke sie in ANNY acetonfreiem Nagellackentferner. Lege sie auf die N\u00e4gel und wickle Aluminiumfolie um die Nagelspitzen. Nach etwa 3 Minuten ist selbst der hartn\u00e4ckigste Nagellack verschwunden.<\/p><\/div>\n\t\t\t\t<\/div>\n\t\t\t\t\t\t\t<div class=\"elementor-accordion-item\">\n\t\t\t\t\t<div id=\"elementor-tab-title-2694\" class=\"elementor-tab-title\" data-tab=\"4\" role=\"button\" aria-controls=\"elementor-tab-content-2694\" aria-expanded=\"false\">\n\t\t\t\t\t\t\t\t\t\t\t\t\t<span class=\"elementor-accordion-icon elementor-accordion-icon-left\" aria-hidden=\"true\">\n\t\t\t\t\t\t\t\t\t\t\t\t\t\t\t<span class=\"elementor-accordion-icon-closed\"><i class=\"fas fa-plus\"><\/i><\/span>\n\t\t\t\t\t\t\t\t<span class=\"elementor-accordion-icon-opened\"><i class=\"fas fa-minus\"><\/i><\/span>\n\t\t\t\t\t\t\t\t\t\t\t\t\t\t<\/span>\n\t\t\t\t\t\t\t\t\t\t\t\t<a class=\"elementor-accordion-title\" tabindex=\"0\">Was kann ich bei gesch\u00e4digten Nagelspitzen oder hervorstehenden Nagelkuppen tun?<\/a>\n\t\t\t\t\t<\/div>\n\t\t\t\t\t<div id=\"elementor-tab-content-2694\" class=\"elementor-tab-content elementor-clearfix\" data-tab=\"4\" role=\"region\" aria-labelledby=\"elementor-tab-title-2694\"><p>Das Verwenden spezieller <a href=\"https:\/\/www.anny-cosmetics.com\/de\/produkte\/nail-care-specials\/\">ANNY Pflegprodukte<\/a> unterst\u00fctzt dabei, dass die gesch\u00e4digten N\u00e4gel wieder gesund werden.<\/p><\/div>\n\t\t\t\t<\/div>\n\t\t\t\t\t\t\t<div class=\"elementor-accordion-item\">\n\t\t\t\t\t<div id=\"elementor-tab-title-2695\" class=\"elementor-tab-title\" data-tab=\"5\" role=\"button\" aria-controls=\"elementor-tab-content-2695\" aria-expanded=\"false\">\n\t\t\t\t\t\t\t\t\t\t\t\t\t<span class=\"elementor-accordion-icon elementor-accordion-icon-left\" aria-hidden=\"true\">\n\t\t\t\t\t\t\t\t\t\t\t\t\t\t\t<span class=\"elementor-accordion-icon-closed\"><i class=\"fas fa-plus\"><\/i><\/span>\n\t\t\t\t\t\t\t\t<span class=\"elementor-accordion-icon-opened\"><i class=\"fas fa-minus\"><\/i><\/span>\n\t\t\t\t\t\t\t\t\t\t\t\t\t\t<\/span>\n\t\t\t\t\t\t\t\t\t\t\t\t<a class=\"elementor-accordion-title\" tabindex=\"0\">Wie lange halten ANNY-Nagellacke auf den N\u00e4geln?<\/a>\n\t\t\t\t\t<\/div>\n\t\t\t\t\t<div id=\"elementor-tab-content-2695\" class=\"elementor-tab-content elementor-clearfix\" data-tab=\"5\" role=\"region\" aria-labelledby=\"elementor-tab-title-2695\"><p>Grunds\u00e4tzlich halten ANNY-Nagellacke im Schnitt 7 Tage. Allerdings ist das zum einen von der Beschaffenheit der N\u00e4gel und zum anderen von der Art des Nagellacks abh\u00e4ngig. Speziallacke wie Sand- und Glitterlacke halten in der Regel l\u00e4nger als gew\u00f6hnliche Lacke.<\/p><\/div>\n\t\t\t\t<\/div>\n\t\t\t\t\t\t\t<div class=\"elementor-accordion-item\">\n\t\t\t\t\t<div id=\"elementor-tab-title-2696\" class=\"elementor-tab-title\" data-tab=\"6\" role=\"button\" aria-controls=\"elementor-tab-content-2696\" aria-expanded=\"false\">\n\t\t\t\t\t\t\t\t\t\t\t\t\t<span class=\"elementor-accordion-icon elementor-accordion-icon-left\" aria-hidden=\"true\">\n\t\t\t\t\t\t\t\t\t\t\t\t\t\t\t<span class=\"elementor-accordion-icon-closed\"><i class=\"fas fa-plus\"><\/i><\/span>\n\t\t\t\t\t\t\t\t<span class=\"elementor-accordion-icon-opened\"><i class=\"fas fa-minus\"><\/i><\/span>\n\t\t\t\t\t\t\t\t\t\t\t\t\t\t<\/span>\n\t\t\t\t\t\t\t\t\t\t\t\t<a class=\"elementor-accordion-title\" tabindex=\"0\">Wie trage ich Nagellack richtig auf?<\/a>\n\t\t\t\t\t<\/div>\n\t\t\t\t\t<div id=\"elementor-tab-content-2696\" class=\"elementor-tab-content elementor-clearfix\" data-tab=\"6\" role=\"region\" aria-labelledby=\"elementor-tab-title-2696\"><p>Nagellack sollte mit ruhigen Pinselstrichen durchgezogen werden. Zuerst wird eine d\u00fcnne, gleichm\u00e4\u00dfige Farbschicht auf die Seiten des Nagels aufgetragen und anschlie\u00dfend in der Mitte. Danach versiegelt man an der Nagelspitze durch einen Pinselstrich von der einen zur anderen Seite. Nachdem die erste Lackschicht angetrocknet ist, kann, um Ungleichm\u00e4\u00dfigkeiten auszugleichen und ein intensiveres Farbergebnis zu erzielen, eine zweite Farbschicht lackiert werden.<\/p><\/div>\n\t\t\t\t<\/div>\n\t\t\t\t\t\t\t<div class=\"elementor-accordion-item\">\n\t\t\t\t\t<div id=\"elementor-tab-title-2697\" class=\"elementor-tab-title\" data-tab=\"7\" role=\"button\" aria-controls=\"elementor-tab-content-2697\" aria-expanded=\"false\">\n\t\t\t\t\t\t\t\t\t\t\t\t\t<span class=\"elementor-accordion-icon elementor-accordion-icon-left\" aria-hidden=\"true\">\n\t\t\t\t\t\t\t\t\t\t\t\t\t\t\t<span class=\"elementor-accordion-icon-closed\"><i class=\"fas fa-plus\"><\/i><\/span>\n\t\t\t\t\t\t\t\t<span class=\"elementor-accordion-icon-opened\"><i class=\"fas fa-minus\"><\/i><\/span>\n\t\t\t\t\t\t\t\t\t\t\t\t\t\t<\/span>\n\t\t\t\t\t\t\t\t\t\t\t\t<a class=\"elementor-accordion-title\" tabindex=\"0\">Wieso sollte ein \u00dcberlack verwendet werden?<\/a>\n\t\t\t\t\t<\/div>\n\t\t\t\t\t<div id=\"elementor-tab-content-2697\" class=\"elementor-tab-content elementor-clearfix\" data-tab=\"7\" role=\"region\" aria-labelledby=\"elementor-tab-title-2697\"><p>Der \u00dcberlack unterst\u00fctzt die Manik\u00fcre bei ihrer Haltbarkeit und beugt Abnutzungserscheinungen wie Kratzern vor. Dar\u00fcber hinaus frischt er die Farbe auf und verleiht brillanten Glanz.<\/p><\/div>\n\t\t\t\t<\/div>\n\t\t\t\t\t\t\t\t\t\t<script type=\"application\/ld+json\">{\"@context\":\"https:\\\/\\\/schema.org\",\"@type\":\"FAQPage\",\"mainEntity\":[{\"@type\":\"Question\",\"name\":\"Bevor ich den Nagellack auftrage, wie bereite ich meine Naturn\\u00e4gel ideal vor?\",\"acceptedAnswer\":{\"@type\":\"Answer\",\"text\":\"<p>Zuallererst werden die Naturn\\u00e4gel mit einer ANNY-Nagelfeile in die gew\\u00fcnschte L\\u00e4nge gefeilt. Naturn\\u00e4gel sollten nicht mit einer Schere geschnitten werden, da beim Schneiden die Keratinschicht an den Nagelspitzen aufspringt und splittert. Damit der Nagellack gut h\\u00e4lt, m\\u00fcssen die N\\u00e4gel frei von Hautsch\\u00fcppchen, Nagellackresten sowie Fett und Staub sein. Das gelingt durch den acetonfreien Nagellackentferner <a href=\\\"\\\/produkt\\\/nail-polish-remover-aceton-free-ay11-111\\\/\\\">NAIL POLISH REMOVER<\\\/a>. Zu beachten gilt auch, dass der Nagellack nicht unmittelbar nach dem Putzen oder einem Nagelbad aufgetragen wird, da die N\\u00e4gel Wasser speichern und die Haltbarkeit des Nagellacks dadurch beeintr\\u00e4chtigt wird.<\\\/p>\"}},{\"@type\":\"Question\",\"name\":\"Warum splittert Nagellack an den Spitzen ab?\",\"acceptedAnswer\":{\"@type\":\"Answer\",\"text\":\"<p>Je besser die Struktur des Naturnagels ist, desto l\\u00e4nger h\\u00e4lt der Nagellack an den Spitzen. Wenn sich das Keratin des Nagels spaltet, k\\u00f6nnen sch\\u00e4dliche Umwelteinfl\\u00fcsse wie chemische Putzmittel etc. in den Nagel eindringen. Dies beeintr\\u00e4chtigt die Haltbarkeit von Nagellack. Dem Absplittern entgegenwirken kann man durch das Versiegeln des Nagellacks und durch das Verwenden eines <a href=\\\"https:\\\/\\\/www.anny-cosmetics.com\\\/de\\\/produkte\\\/nail-care-specials\\\/base-top-coat\\\/\\\">Unter- und \\u00dcberlacks<\\\/a>.<\\\/p>\"}},{\"@type\":\"Question\",\"name\":\"Wie entferne ich Effektlacke wie Sand- und Glitterlacke?\",\"acceptedAnswer\":{\"@type\":\"Answer\",\"text\":\"<p>Ein Baumwolltuch oder Wattepads eignen sich hervorragend daf\\u00fcr. Schneide das Tuch das den Wattebausch zun\\u00e4chst in St\\u00fccke, die alle N\\u00e4gel bedecken. Tr\\u00e4nke sie in ANNY acetonfreiem Nagellackentferner. Lege sie auf die N\\u00e4gel und wickle Aluminiumfolie um die Nagelspitzen. Nach etwa 3 Minuten ist selbst der hartn\\u00e4ckigste Nagellack verschwunden.<\\\/p>\"}},{\"@type\":\"Question\",\"name\":\"Was kann ich bei gesch\\u00e4digten Nagelspitzen oder hervorstehenden Nagelkuppen tun?\",\"acceptedAnswer\":{\"@type\":\"Answer\",\"text\":\"<p>Das Verwenden spezieller <a href=\\\"https:\\\/\\\/www.anny-cosmetics.com\\\/de\\\/produkte\\\/nail-care-specials\\\/\\\">ANNY Pflegprodukte<\\\/a> unterst\\u00fctzt dabei, dass die gesch\\u00e4digten N\\u00e4gel wieder gesund werden.<\\\/p>\"}},{\"@type\":\"Question\",\"name\":\"Wie lange halten ANNY-Nagellacke auf den N\\u00e4geln?\",\"acceptedAnswer\":{\"@type\":\"Answer\",\"text\":\"<p>Grunds\\u00e4tzlich halten ANNY-Nagellacke im Schnitt 7 Tage. Allerdings ist das zum einen von der Beschaffenheit der N\\u00e4gel und zum anderen von der Art des Nagellacks abh\\u00e4ngig. Speziallacke wie Sand- und Glitterlacke halten in der Regel l\\u00e4nger als gew\\u00f6hnliche Lacke.<\\\/p>\"}},{\"@type\":\"Question\",\"name\":\"Wie trage ich Nagellack richtig auf?\",\"acceptedAnswer\":{\"@type\":\"Answer\",\"text\":\"<p>Nagellack sollte mit ruhigen Pinselstrichen durchgezogen werden. Zuerst wird eine d\\u00fcnne, gleichm\\u00e4\\u00dfige Farbschicht auf die Seiten des Nagels aufgetragen und anschlie\\u00dfend in der Mitte. Danach versiegelt man an der Nagelspitze durch einen Pinselstrich von der einen zur anderen Seite. Nachdem die erste Lackschicht angetrocknet ist, kann, um Ungleichm\\u00e4\\u00dfigkeiten auszugleichen und ein intensiveres Farbergebnis zu erzielen, eine zweite Farbschicht lackiert werden.<\\\/p>\"}},{\"@type\":\"Question\",\"name\":\"Wieso sollte ein \\u00dcberlack verwendet werden?\",\"acceptedAnswer\":{\"@type\":\"Answer\",\"text\":\"<p>Der \\u00dcberlack unterst\\u00fctzt die Manik\\u00fcre bei ihrer Haltbarkeit und beugt Abnutzungserscheinungen wie Kratzern vor. Dar\\u00fcber hinaus frischt er die Farbe auf und verleiht brillanten Glanz.<\\\/p>\"}}]}<\/script>\n\t\t\t\t\t<\/div>\n\t\t\t\t\t\t<\/div>\n\t\t\t\t<\/div>\n\t\t\t\t\t<\/div>\n\t\t<\/div>\n\t\t\t\t\t<\/div>\n\t\t<\/section>\n\t\t\t\t<section class=\"elementor-section elementor-top-section elementor-element elementor-element-dcbea6b elementor-section-boxed elementor-section-height-default elementor-section-height-default\" data-id=\"dcbea6b\" data-element_type=\"section\">\n\t\t\t\t\t\t<div class=\"elementor-container elementor-column-gap-default\">\n\t\t\t\t\t<div class=\"elementor-column elementor-col-100 elementor-top-column elementor-element elementor-element-67fbe7d\" data-id=\"67fbe7d\" data-element_type=\"column\">\n\t\t\t<div class=\"elementor-widget-wrap elementor-element-populated\">\n\t\t\t\t\t\t<div class=\"elementor-element elementor-element-fc3cd88 elementor-widget elementor-widget-text-editor\" data-id=\"fc3cd88\" data-element_type=\"widget\" data-widget_type=\"text-editor.default\">\n\t\t\t\t<div class=\"elementor-widget-container\">\n\t\t\t\t\t\t\t\t\t<p>Hast du eine Frage, die hier nicht beantwortet wurde, dann wende dich einfach direkt an uns. <span style=\"text-decoration: underline;\"><strong><a href=\"\/kontakt\">Kontakt<\/a><\/strong><\/span><\/p>\t\t\t\t\t\t\t\t<\/div>\n\t\t\t\t<\/div>\n\t\t\t\t\t<\/div>\n\t\t<\/div>\n\t\t\t\t\t<\/div>\n\t\t<\/section>\n\t\t\t\t<\/div>\n\t\t","protected":false},"excerpt":{"rendered":"<p>Tipps und Hinweise zu unseren Produkten FAQ ALLGEMEINE FRAGEN Darf ich Nagellack auftragen, wenn ich schwanger bin? Grunds\u00e4tzlich wird die Sicherheit von Kosmetika in der Schwangerschaft bei der Produktentwicklung ber\u00fccksichtigt. Allerdings sollten Sie bedenken, dass Ihr K\u00f6rper w\u00e4hrend der Schwangerschaft und Stillzeit sensibler auf \u00e4u\u00dfere Einfl\u00fcsse reagieren kann. Wenn Sie also Zweifel bez\u00fcglich Ihrer pers\u00f6nlichen [&hellip;]<\/p>\n","protected":false},"author":1,"featured_media":21583,"parent":0,"menu_order":0,"comment_status":"closed","ping_status":"closed","template":"","meta":{"footnotes":""},"class_list":["post-16400","page","type-page","status-publish","has-post-thumbnail","hentry"],"yoast_head":"<!-- This site is optimized with the Yoast SEO plugin v25.7 - https:\/\/yoast.com\/wordpress\/plugins\/seo\/ -->\n<title>FAQ | Frequently Asked Questions | Fragen | Antworten | ANNY<\/title>\n<meta name=\"description\" content=\"Du hast offene Fragen? Wir beantworten sie Dir gerne! Schaue in unseren FAQs vorbei oder stelle uns Deine Frage \u00fcber das Kontaktformular. \u25b6\" \/>\n<meta name=\"robots\" content=\"index, follow, max-snippet:-1, max-image-preview:large, max-video-preview:-1\" \/>\n<link rel=\"canonical\" href=\"https:\/\/www.anny-cosmetics.com\/de\/faq\/\" \/>\n<meta property=\"og:locale\" content=\"de_DE\" \/>\n<meta property=\"og:type\" content=\"article\" \/>\n<meta property=\"og:title\" content=\"FAQ | Frequently Asked Questions | Fragen | Antworten | ANNY\" \/>\n<meta property=\"og:description\" content=\"Du hast offene Fragen? Wir beantworten sie Dir gerne! Schaue in unseren FAQs vorbei oder stelle uns Deine Frage \u00fcber das Kontaktformular. \u25b6\" \/>\n<meta property=\"og:url\" content=\"https:\/\/www.anny-cosmetics.com\/de\/faq\/\" \/>\n<meta property=\"og:site_name\" content=\"ANNY Cosmetics\" \/>\n<meta property=\"article:publisher\" content=\"https:\/\/www.facebook.com\/Anny.cosmetics\/\" \/>\n<meta property=\"article:modified_time\" content=\"2026-01-28T08:34:38+00:00\" \/>\n<meta property=\"og:image\" content=\"https:\/\/www.anny-cosmetics.com\/app\/uploads\/2022\/07\/Banner_Nail-Polish.jpg\" \/>\n\t<meta property=\"og:image:width\" content=\"2000\" \/>\n\t<meta property=\"og:image:height\" content=\"702\" \/>\n\t<meta property=\"og:image:type\" content=\"image\/jpeg\" \/>\n<meta name=\"twitter:card\" content=\"summary_large_image\" \/>\n<meta name=\"twitter:label1\" content=\"Gesch\u00e4tzte Lesezeit\" \/>\n\t<meta name=\"twitter:data1\" content=\"8 Minuten\" \/>\n<script type=\"application\/ld+json\" class=\"yoast-schema-graph\">{\"@context\":\"https:\/\/schema.org\",\"@graph\":[{\"@type\":\"WebPage\",\"@id\":\"https:\/\/www.anny-cosmetics.com\/de\/faq\/\",\"url\":\"https:\/\/www.anny-cosmetics.com\/de\/faq\/\",\"name\":\"FAQ | Frequently Asked Questions | Fragen | Antworten | ANNY\",\"isPartOf\":{\"@id\":\"https:\/\/www.anny-cosmetics.com\/de\/#website\"},\"primaryImageOfPage\":{\"@id\":\"https:\/\/www.anny-cosmetics.com\/de\/faq\/#primaryimage\"},\"image\":{\"@id\":\"https:\/\/www.anny-cosmetics.com\/de\/faq\/#primaryimage\"},\"thumbnailUrl\":\"https:\/\/www.anny-cosmetics.com\/app\/uploads\/2022\/07\/Banner_Nail-Polish.jpg\",\"datePublished\":\"2022-06-21T14:58:51+00:00\",\"dateModified\":\"2026-01-28T08:34:38+00:00\",\"description\":\"Du hast offene Fragen? Wir beantworten sie Dir gerne! Schaue in unseren FAQs vorbei oder stelle uns Deine Frage \u00fcber das Kontaktformular. \u25b6\",\"breadcrumb\":{\"@id\":\"https:\/\/www.anny-cosmetics.com\/de\/faq\/#breadcrumb\"},\"inLanguage\":\"de-DE\",\"potentialAction\":[{\"@type\":\"ReadAction\",\"target\":[\"https:\/\/www.anny-cosmetics.com\/de\/faq\/\"]}]},{\"@type\":\"ImageObject\",\"inLanguage\":\"de-DE\",\"@id\":\"https:\/\/www.anny-cosmetics.com\/de\/faq\/#primaryimage\",\"url\":\"https:\/\/www.anny-cosmetics.com\/app\/uploads\/2022\/07\/Banner_Nail-Polish.jpg\",\"contentUrl\":\"https:\/\/www.anny-cosmetics.com\/app\/uploads\/2022\/07\/Banner_Nail-Polish.jpg\",\"width\":2000,\"height\":702,\"caption\":\"Nail Polish Banner | ANNY\"},{\"@type\":\"BreadcrumbList\",\"@id\":\"https:\/\/www.anny-cosmetics.com\/de\/faq\/#breadcrumb\",\"itemListElement\":[{\"@type\":\"ListItem\",\"position\":1,\"name\":\"Home\",\"item\":\"https:\/\/www.anny-cosmetics.com\/de\/\"},{\"@type\":\"ListItem\",\"position\":2,\"name\":\"FAQ\"}]},{\"@type\":\"WebSite\",\"@id\":\"https:\/\/www.anny-cosmetics.com\/de\/#website\",\"url\":\"https:\/\/www.anny-cosmetics.com\/de\/\",\"name\":\"ANNY Cosmetics\",\"description\":\"\",\"potentialAction\":[{\"@type\":\"SearchAction\",\"target\":{\"@type\":\"EntryPoint\",\"urlTemplate\":\"https:\/\/www.anny-cosmetics.com\/de\/?s={search_term_string}\"},\"query-input\":{\"@type\":\"PropertyValueSpecification\",\"valueRequired\":true,\"valueName\":\"search_term_string\"}}],\"inLanguage\":\"de-DE\"}]}<\/script>\n<!-- \/ Yoast SEO plugin. -->","yoast_head_json":{"title":"FAQ | Frequently Asked Questions | Fragen | Antworten | ANNY","description":"Du hast offene Fragen? Wir beantworten sie Dir gerne! Schaue in unseren FAQs vorbei oder stelle uns Deine Frage \u00fcber das Kontaktformular. \u25b6","robots":{"index":"index","follow":"follow","max-snippet":"max-snippet:-1","max-image-preview":"max-image-preview:large","max-video-preview":"max-video-preview:-1"},"canonical":"https:\/\/www.anny-cosmetics.com\/de\/faq\/","og_locale":"de_DE","og_type":"article","og_title":"FAQ | Frequently Asked Questions | Fragen | Antworten | ANNY","og_description":"Du hast offene Fragen? Wir beantworten sie Dir gerne! Schaue in unseren FAQs vorbei oder stelle uns Deine Frage \u00fcber das Kontaktformular. \u25b6","og_url":"https:\/\/www.anny-cosmetics.com\/de\/faq\/","og_site_name":"ANNY Cosmetics","article_publisher":"https:\/\/www.facebook.com\/Anny.cosmetics\/","article_modified_time":"2026-01-28T08:34:38+00:00","og_image":[{"width":2000,"height":702,"url":"https:\/\/www.anny-cosmetics.com\/app\/uploads\/2022\/07\/Banner_Nail-Polish.jpg","type":"image\/jpeg"}],"twitter_card":"summary_large_image","twitter_misc":{"Gesch\u00e4tzte Lesezeit":"8 Minuten"},"schema":{"@context":"https:\/\/schema.org","@graph":[{"@type":"WebPage","@id":"https:\/\/www.anny-cosmetics.com\/de\/faq\/","url":"https:\/\/www.anny-cosmetics.com\/de\/faq\/","name":"FAQ | Frequently Asked Questions | Fragen | Antworten | ANNY","isPartOf":{"@id":"https:\/\/www.anny-cosmetics.com\/de\/#website"},"primaryImageOfPage":{"@id":"https:\/\/www.anny-cosmetics.com\/de\/faq\/#primaryimage"},"image":{"@id":"https:\/\/www.anny-cosmetics.com\/de\/faq\/#primaryimage"},"thumbnailUrl":"https:\/\/www.anny-cosmetics.com\/app\/uploads\/2022\/07\/Banner_Nail-Polish.jpg","datePublished":"2022-06-21T14:58:51+00:00","dateModified":"2026-01-28T08:34:38+00:00","description":"Du hast offene Fragen? Wir beantworten sie Dir gerne! Schaue in unseren FAQs vorbei oder stelle uns Deine Frage \u00fcber das Kontaktformular. \u25b6","breadcrumb":{"@id":"https:\/\/www.anny-cosmetics.com\/de\/faq\/#breadcrumb"},"inLanguage":"de-DE","potentialAction":[{"@type":"ReadAction","target":["https:\/\/www.anny-cosmetics.com\/de\/faq\/"]}]},{"@type":"ImageObject","inLanguage":"de-DE","@id":"https:\/\/www.anny-cosmetics.com\/de\/faq\/#primaryimage","url":"https:\/\/www.anny-cosmetics.com\/app\/uploads\/2022\/07\/Banner_Nail-Polish.jpg","contentUrl":"https:\/\/www.anny-cosmetics.com\/app\/uploads\/2022\/07\/Banner_Nail-Polish.jpg","width":2000,"height":702,"caption":"Nail Polish Banner | ANNY"},{"@type":"BreadcrumbList","@id":"https:\/\/www.anny-cosmetics.com\/de\/faq\/#breadcrumb","itemListElement":[{"@type":"ListItem","position":1,"name":"Home","item":"https:\/\/www.anny-cosmetics.com\/de\/"},{"@type":"ListItem","position":2,"name":"FAQ"}]},{"@type":"WebSite","@id":"https:\/\/www.anny-cosmetics.com\/de\/#website","url":"https:\/\/www.anny-cosmetics.com\/de\/","name":"ANNY Cosmetics","description":"","potentialAction":[{"@type":"SearchAction","target":{"@type":"EntryPoint","urlTemplate":"https:\/\/www.anny-cosmetics.com\/de\/?s={search_term_string}"},"query-input":{"@type":"PropertyValueSpecification","valueRequired":true,"valueName":"search_term_string"}}],"inLanguage":"de-DE"}]}},"_links":{"self":[{"href":"https:\/\/www.anny-cosmetics.com\/de\/wp-json\/wp\/v2\/pages\/16400","targetHints":{"allow":["GET"]}}],"collection":[{"href":"https:\/\/www.anny-cosmetics.com\/de\/wp-json\/wp\/v2\/pages"}],"about":[{"href":"https:\/\/www.anny-cosmetics.com\/de\/wp-json\/wp\/v2\/types\/page"}],"author":[{"embeddable":true,"href":"https:\/\/www.anny-cosmetics.com\/de\/wp-json\/wp\/v2\/users\/1"}],"replies":[{"embeddable":true,"href":"https:\/\/www.anny-cosmetics.com\/de\/wp-json\/wp\/v2\/comments?post=16400"}],"version-history":[{"count":86,"href":"https:\/\/www.anny-cosmetics.com\/de\/wp-json\/wp\/v2\/pages\/16400\/revisions"}],"predecessor-version":[{"id":91900,"href":"https:\/\/www.anny-cosmetics.com\/de\/wp-json\/wp\/v2\/pages\/16400\/revisions\/91900"}],"wp:featuredmedia":[{"embeddable":true,"href":"https:\/\/www.anny-cosmetics.com\/de\/wp-json\/wp\/v2\/media\/21583"}],"wp:attachment":[{"href":"https:\/\/www.anny-cosmetics.com\/de\/wp-json\/wp\/v2\/media?parent=16400"}],"curies":[{"name":"wp","href":"https:\/\/api.w.org\/{rel}","templated":true}]}}