{"id":16615,"date":"2022-06-22T10:45:36","date_gmt":"2022-06-22T08:45:36","guid":{"rendered":"https:\/\/www.anny-cosmetics.com\/?page_id=16615"},"modified":"2026-01-27T11:37:26","modified_gmt":"2026-01-27T10:37:26","slug":"nachhaltigkeit","status":"publish","type":"page","link":"https:\/\/www.anny-cosmetics.com\/de\/nachhaltigkeit\/","title":{"rendered":"ANNY FOR OUR PLANET"},"content":{"rendered":"\t\t<div data-elementor-type=\"wp-page\" data-elementor-id=\"16615\" class=\"elementor elementor-16615\" data-elementor-post-type=\"page\">\n\t\t\t\t\t\t<section class=\"elementor-section elementor-top-section elementor-element elementor-element-49189fa8 elementor-section-full_width elementor-section-height-default elementor-section-height-default\" data-id=\"49189fa8\" data-element_type=\"section\">\n\t\t\t\t\t\t<div class=\"elementor-container elementor-column-gap-default\">\n\t\t\t\t\t<div class=\"elementor-column elementor-col-100 elementor-top-column elementor-element elementor-element-751422fd\" data-id=\"751422fd\" data-element_type=\"column\">\n\t\t\t<div class=\"elementor-widget-wrap elementor-element-populated\">\n\t\t\t\t\t\t<div class=\"elementor-element elementor-element-7d4e6377 elementor-widget elementor-widget-heading\" data-id=\"7d4e6377\" data-element_type=\"widget\" data-widget_type=\"heading.default\">\n\t\t\t\t<div class=\"elementor-widget-container\">\n\t\t\t\t\t<h2 class=\"elementor-heading-title elementor-size-default\">NACHHALTIGKEIT<\/h2>\t\t\t\t<\/div>\n\t\t\t\t<\/div>\n\t\t\t\t\t<\/div>\n\t\t<\/div>\n\t\t\t\t\t<\/div>\n\t\t<\/section>\n\t\t\t\t<section class=\"elementor-section elementor-top-section elementor-element elementor-element-34280ed elementor-section-boxed elementor-section-height-default elementor-section-height-default\" data-id=\"34280ed\" data-element_type=\"section\">\n\t\t\t\t\t\t<div class=\"elementor-container elementor-column-gap-default\">\n\t\t\t\t\t<div class=\"elementor-column elementor-col-16 elementor-top-column elementor-element elementor-element-61e5a7c\" data-id=\"61e5a7c\" data-element_type=\"column\">\n\t\t\t<div class=\"elementor-widget-wrap\">\n\t\t\t\t\t\t\t<\/div>\n\t\t<\/div>\n\t\t\t\t<div class=\"elementor-column elementor-col-66 elementor-top-column elementor-element elementor-element-0f1672b\" data-id=\"0f1672b\" data-element_type=\"column\">\n\t\t\t<div class=\"elementor-widget-wrap elementor-element-populated\">\n\t\t\t\t\t\t<div class=\"elementor-element elementor-element-f0bbe1d elementor-widget elementor-widget-text-editor\" data-id=\"f0bbe1d\" data-element_type=\"widget\" data-widget_type=\"text-editor.default\">\n\t\t\t\t<div class=\"elementor-widget-container\">\n\t\t\t\t\t\t\t\t\t<p><span style=\"text-align: center;\"><br><\/span><\/p><p><span style=\"text-align: center;\">Was genau Nachhaltigkeit f\u00fcr uns bedeutet, welche Rolle sie jetzt schon in unserem Unternehmen spielt und welche weiteren Schritte f\u00fcr die Zukunft geplant sind erf\u00e4hrst du hier.<\/span><\/p>\t\t\t\t\t\t\t\t<\/div>\n\t\t\t\t<\/div>\n\t\t\t\t\t<\/div>\n\t\t<\/div>\n\t\t\t\t<div class=\"elementor-column elementor-col-16 elementor-top-column elementor-element elementor-element-ac1d4f8\" data-id=\"ac1d4f8\" data-element_type=\"column\">\n\t\t\t<div class=\"elementor-widget-wrap\">\n\t\t\t\t\t\t\t<\/div>\n\t\t<\/div>\n\t\t\t\t\t<\/div>\n\t\t<\/section>\n\t\t\t\t<section class=\"elementor-section elementor-top-section elementor-element elementor-element-2f8e8b75 elementor-section-full_width elementor-section-height-min-height parallax-widget elementor-reverse-tablet elementor-reverse-mobile elementor-section-height-default elementor-section-items-middle\" data-id=\"2f8e8b75\" data-element_type=\"section\" data-settings=\"{&quot;background_background&quot;:&quot;classic&quot;}\">\n\t\t\t\t\t\t\t<div class=\"elementor-background-overlay\"><\/div>\n\t\t\t\t\t\t\t<div class=\"elementor-container elementor-column-gap-default\">\n\t\t\t\t\t<div class=\"elementor-column elementor-col-50 elementor-top-column elementor-element elementor-element-52c89ebe\" data-id=\"52c89ebe\" data-element_type=\"column\" data-settings=\"{&quot;background_background&quot;:&quot;classic&quot;}\">\n\t\t\t<div class=\"elementor-widget-wrap elementor-element-populated\">\n\t\t\t\t\t\t<div class=\"elementor-element elementor-element-70dc030e elementor-widget elementor-widget-heading\" data-id=\"70dc030e\" data-element_type=\"widget\" data-widget_type=\"heading.default\">\n\t\t\t\t<div class=\"elementor-widget-container\">\n\t\t\t\t\t<h5 class=\"elementor-heading-title elementor-size-default\">Der Weg ist das Ziel<\/h5>\t\t\t\t<\/div>\n\t\t\t\t<\/div>\n\t\t\t\t<div class=\"elementor-element elementor-element-175af301 elementor-widget elementor-widget-heading\" data-id=\"175af301\" data-element_type=\"widget\" data-widget_type=\"heading.default\">\n\t\t\t\t<div class=\"elementor-widget-container\">\n\t\t\t\t\t<h2 class=\"elementor-heading-title elementor-size-xxl\">A VISION FOR A BETTER TOMORROW <\/h2>\t\t\t\t<\/div>\n\t\t\t\t<\/div>\n\t\t\t\t<div class=\"elementor-element elementor-element-9ace3f5 elementor-widget__width-initial elementor-widget elementor-widget-text-editor\" data-id=\"9ace3f5\" data-element_type=\"widget\" data-widget_type=\"text-editor.default\">\n\t\t\t\t<div class=\"elementor-widget-container\">\n\t\t\t\t\t\t\t\t\t<p><strong>Vision<\/strong>: Wir sehen die Sch\u00f6nheit in jedem Menschen. Sch\u00f6nheit braucht einen lebenswerten Planeten. Daf\u00fcr \u00fcbernehmen wir Verantwortung &#8211; mutig f\u00fcr eine nachhaltig, bunte Zukunft.<\/p><p><strong>Mission<\/strong>: Alles, was wir tun, beginnt mit Nachhaltigkeit. Das bedeutet f\u00fcr uns nicht nur Verzicht, sondern vor allem auch Bereicherung. Hands-On f\u00fcr unsere Zukunftsf\u00e4higkeit und k\u00fcnftige Generationen.<\/p>\t\t\t\t\t\t\t\t<\/div>\n\t\t\t\t<\/div>\n\t\t\t\t\t<\/div>\n\t\t<\/div>\n\t\t\t\t<div class=\"elementor-column elementor-col-50 elementor-top-column elementor-element elementor-element-630d07c4 elementor-hidden-tablet\" data-id=\"630d07c4\" data-element_type=\"column\">\n\t\t\t<div class=\"elementor-widget-wrap\">\n\t\t\t\t\t\t\t<\/div>\n\t\t<\/div>\n\t\t\t\t\t<\/div>\n\t\t<\/section>\n\t\t\t\t<section class=\"elementor-section elementor-top-section elementor-element elementor-element-0815300 elementor-section-boxed elementor-section-height-default elementor-section-height-default\" data-id=\"0815300\" data-element_type=\"section\" data-settings=\"{&quot;background_background&quot;:&quot;gradient&quot;}\">\n\t\t\t\t\t\t<div class=\"elementor-container elementor-column-gap-default\">\n\t\t\t\t\t<div class=\"elementor-column elementor-col-100 elementor-top-column elementor-element elementor-element-738dc02\" data-id=\"738dc02\" data-element_type=\"column\">\n\t\t\t<div class=\"elementor-widget-wrap elementor-element-populated\">\n\t\t\t\t\t\t<section class=\"elementor-section elementor-inner-section elementor-element elementor-element-f3470ae elementor-section-boxed elementor-section-height-default elementor-section-height-default\" data-id=\"f3470ae\" data-element_type=\"section\">\n\t\t\t\t\t\t<div class=\"elementor-container elementor-column-gap-default\">\n\t\t\t\t\t<div class=\"elementor-column elementor-col-100 elementor-inner-column elementor-element elementor-element-9bd7977\" data-id=\"9bd7977\" data-element_type=\"column\">\n\t\t\t<div class=\"elementor-widget-wrap elementor-element-populated\">\n\t\t\t\t\t\t<div class=\"elementor-element elementor-element-ec12590 elementor-widget elementor-widget-heading\" data-id=\"ec12590\" data-element_type=\"widget\" data-widget_type=\"heading.default\">\n\t\t\t\t<div class=\"elementor-widget-container\">\n\t\t\t\t\t<h3 class=\"elementor-heading-title elementor-size-default\"><span style=\"font-size: 32.4px\">THERE IS NO PLAN(ET) B! <\/span><\/h3>\t\t\t\t<\/div>\n\t\t\t\t<\/div>\n\t\t\t\t<div class=\"elementor-element elementor-element-70f2c00 elementor-widget elementor-widget-text-editor\" data-id=\"70f2c00\" data-element_type=\"widget\" data-widget_type=\"text-editor.default\">\n\t\t\t\t<div class=\"elementor-widget-container\">\n\t\t\t\t\t\t\t\t\t<p>Die Zukunft unserer Erde liegt uns bei ANNY am Herzen!<\/p><p>Wir wollen uns daher stetig weiterentwickeln und verbessern. Unser Anliegen ist es, schrittweise nachhaltiger zu werden, wo immer es m\u00f6glich ist. Hier erf\u00e4hrst Du, was wir heute bereits daf\u00fcr tun:<\/p>\t\t\t\t\t\t\t\t<\/div>\n\t\t\t\t<\/div>\n\t\t\t\t\t<\/div>\n\t\t<\/div>\n\t\t\t\t\t<\/div>\n\t\t<\/section>\n\t\t\t\t<section class=\"elementor-section elementor-inner-section elementor-element elementor-element-1e0d1ea elementor-section-boxed elementor-section-height-default elementor-section-height-default\" data-id=\"1e0d1ea\" data-element_type=\"section\">\n\t\t\t\t\t\t<div class=\"elementor-container elementor-column-gap-wide\">\n\t\t\t\t\t<div class=\"elementor-column elementor-col-33 elementor-inner-column elementor-element elementor-element-ee029e2\" data-id=\"ee029e2\" data-element_type=\"column\">\n\t\t\t<div class=\"elementor-widget-wrap elementor-element-populated\">\n\t\t\t\t\t\t<div class=\"elementor-element elementor-element-2bfd99b elementor-widget elementor-widget-image\" data-id=\"2bfd99b\" data-element_type=\"widget\" data-widget_type=\"image.default\">\n\t\t\t\t<div class=\"elementor-widget-container\">\n\t\t\t\t\t\t\t\t\t\t\t\t\t\t\t<img decoding=\"async\" width=\"95\" height=\"95\" src=\"https:\/\/www.anny-cosmetics.com\/app\/uploads\/2022\/10\/Icons-Nachhaltigkeit_Einsatz_von_FSC-Klimaneutralen_FS.svg\" class=\"attachment-thumbnail size-thumbnail wp-image-34811\" alt=\"Klimaneutrale Faltschachteln | ANNY\" \/>\t\t\t\t\t\t\t\t\t\t\t\t\t\t\t<\/div>\n\t\t\t\t<\/div>\n\t\t\t\t<div class=\"elementor-element elementor-element-d6a2b82 elementor-widget elementor-widget-heading\" data-id=\"d6a2b82\" data-element_type=\"widget\" data-widget_type=\"heading.default\">\n\t\t\t\t<div class=\"elementor-widget-container\">\n\t\t\t\t\t<h4 class=\"elementor-heading-title elementor-size-medium\">PACKMITTEL<\/h4>\t\t\t\t<\/div>\n\t\t\t\t<\/div>\n\t\t\t\t<div class=\"elementor-element elementor-element-b6eaf69 elementor-widget elementor-widget-text-editor\" data-id=\"b6eaf69\" data-element_type=\"widget\" data-widget_type=\"text-editor.default\">\n\t\t\t\t<div class=\"elementor-widget-container\">\n\t\t\t\t\t\t\t\t\t<p>Wir pr\u00fcfen stets Optimierungen unserer Packmittel im Sinne der Recyclingf\u00e4higkeit, Materialeinsparung und Rezyklat Einsatz. Bei all unseren ANNY Faltschachteln setzen wir auf FSC zertifiziertes Papier. Zudem verwenden wir mineral\u00f6lfreie Druckfarben, welche aus \u00fcberwiegend nachwachsenden Rohstoffen <span style=\"color: var(--text-color-light); letter-spacing: 0.015em; background-color: transparent; font-family: var(--font-text);\">und zudem kobaltfrei hergestellt werden.<\/span><\/p>\t\t\t\t\t\t\t\t<\/div>\n\t\t\t\t<\/div>\n\t\t\t\t\t<\/div>\n\t\t<\/div>\n\t\t\t\t<div class=\"elementor-column elementor-col-33 elementor-inner-column elementor-element elementor-element-32ec3aa\" data-id=\"32ec3aa\" data-element_type=\"column\">\n\t\t\t<div class=\"elementor-widget-wrap elementor-element-populated\">\n\t\t\t\t\t\t<div class=\"elementor-element elementor-element-4bd3eb9 elementor-widget elementor-widget-image\" data-id=\"4bd3eb9\" data-element_type=\"widget\" data-widget_type=\"image.default\">\n\t\t\t\t<div class=\"elementor-widget-container\">\n\t\t\t\t\t\t\t\t\t\t\t\t\t\t\t<img decoding=\"async\" width=\"95\" height=\"95\" src=\"https:\/\/www.anny-cosmetics.com\/app\/uploads\/2022\/06\/Icons-Nachhaltigkeit_Corparate_Citizenship.svg\" class=\"attachment-thumbnail size-thumbnail wp-image-17742\" alt=\"Corporate Citizenship Icon | ANNY\" \/>\t\t\t\t\t\t\t\t\t\t\t\t\t\t\t<\/div>\n\t\t\t\t<\/div>\n\t\t\t\t<div class=\"elementor-element elementor-element-388d5c8 elementor-widget elementor-widget-heading\" data-id=\"388d5c8\" data-element_type=\"widget\" data-widget_type=\"heading.default\">\n\t\t\t\t<div class=\"elementor-widget-container\">\n\t\t\t\t\t<h4 class=\"elementor-heading-title elementor-size-medium\">CORPORATE CITIZENSHIP<\/h4>\t\t\t\t<\/div>\n\t\t\t\t<\/div>\n\t\t\t\t<div class=\"elementor-element elementor-element-1bb11ed elementor-widget elementor-widget-text-editor\" data-id=\"1bb11ed\" data-element_type=\"widget\" data-widget_type=\"text-editor.default\">\n\t\t\t\t<div class=\"elementor-widget-container\">\n\t\t\t\t\t\t\t\t\t<p>Wir sind stolz darauf, dass wir in unserem Unternehmen \u00fcber 250 Heimarbeiter aus der Region bei uns besch\u00e4ftigen. Dies ist eines unserer vielseitigen Arbeitsmodelle.<\/p>\t\t\t\t\t\t\t\t<\/div>\n\t\t\t\t<\/div>\n\t\t\t\t\t<\/div>\n\t\t<\/div>\n\t\t\t\t<div class=\"elementor-column elementor-col-33 elementor-inner-column elementor-element elementor-element-c89aa3d\" data-id=\"c89aa3d\" data-element_type=\"column\">\n\t\t\t<div class=\"elementor-widget-wrap elementor-element-populated\">\n\t\t\t\t\t\t<div class=\"elementor-element elementor-element-ad9448f elementor-widget elementor-widget-image\" data-id=\"ad9448f\" data-element_type=\"widget\" data-widget_type=\"image.default\">\n\t\t\t\t<div class=\"elementor-widget-container\">\n\t\t\t\t\t\t\t\t\t\t\t\t\t\t\t<img decoding=\"async\" width=\"95\" height=\"95\" src=\"https:\/\/www.anny-cosmetics.com\/app\/uploads\/2022\/06\/Icons-Nachhaltigkeit_Klimaneutrales_Unternehmen.svg\" class=\"attachment-thumbnail size-thumbnail wp-image-17748\" alt=\"\" \/>\t\t\t\t\t\t\t\t\t\t\t\t\t\t\t<\/div>\n\t\t\t\t<\/div>\n\t\t\t\t<div class=\"elementor-element elementor-element-ce2c1d5 elementor-widget elementor-widget-heading\" data-id=\"ce2c1d5\" data-element_type=\"widget\" data-widget_type=\"heading.default\">\n\t\t\t\t<div class=\"elementor-widget-container\">\n\t\t\t\t\t<h4 class=\"elementor-heading-title elementor-size-medium\">\nUMWELTSCHUTZPROJEKT: UNSER EIGENES WALDPROJEKT<\/h4>\t\t\t\t<\/div>\n\t\t\t\t<\/div>\n\t\t\t\t<div class=\"elementor-element elementor-element-42c0ae4 elementor-widget elementor-widget-text-editor\" data-id=\"42c0ae4\" data-element_type=\"widget\" data-widget_type=\"text-editor.default\">\n\t\t\t\t<div class=\"elementor-widget-container\">\n\t\t\t\t\t\t\t\t\t<p>In Zusammenarbeit mit unserem Partner DEUTIM unterst\u00fctzen wir ein Umweltschutzprojekt, welches das Naturschutzgebiet \u201eAugsburg Westliche W\u00e4lder\u201c \u201efit f\u00fcr die Zukunft\u201c macht und hilft den heimischen Wald langfristig f\u00fcr nachfolgende Generationen zu erhalten. Das erreichen wir durch die Aufforstung von Kahlfl\u00e4chen und die Umwandlung von Monokulturen in klimastabile Mischw\u00e4lder.\u00a0<\/p>\t\t\t\t\t\t\t\t<\/div>\n\t\t\t\t<\/div>\n\t\t\t\t\t<\/div>\n\t\t<\/div>\n\t\t\t\t\t<\/div>\n\t\t<\/section>\n\t\t\t\t<section class=\"elementor-section elementor-inner-section elementor-element elementor-element-a039dfc elementor-section-boxed elementor-section-height-default elementor-section-height-default\" data-id=\"a039dfc\" data-element_type=\"section\">\n\t\t\t\t\t\t<div class=\"elementor-container elementor-column-gap-wide\">\n\t\t\t\t\t<div class=\"elementor-column elementor-col-33 elementor-inner-column elementor-element elementor-element-8e4a123\" data-id=\"8e4a123\" data-element_type=\"column\">\n\t\t\t<div class=\"elementor-widget-wrap elementor-element-populated\">\n\t\t\t\t\t\t<div class=\"elementor-element elementor-element-c62b7bc elementor-widget elementor-widget-image\" data-id=\"c62b7bc\" data-element_type=\"widget\" data-widget_type=\"image.default\">\n\t\t\t\t<div class=\"elementor-widget-container\">\n\t\t\t\t\t\t\t\t\t\t\t\t\t\t\t<img loading=\"lazy\" decoding=\"async\" width=\"95\" height=\"95\" src=\"https:\/\/www.anny-cosmetics.com\/app\/uploads\/2022\/06\/Icons-Nachhaltigkeit_Engagement_fuer_erneubare_Energien.svg\" class=\"attachment-large size-large wp-image-17758\" alt=\"Engagement f\u00fcr erneuerbare Energien Icon | ANNY\" \/>\t\t\t\t\t\t\t\t\t\t\t\t\t\t\t<\/div>\n\t\t\t\t<\/div>\n\t\t\t\t<div class=\"elementor-element elementor-element-a51c838 elementor-widget elementor-widget-heading\" data-id=\"a51c838\" data-element_type=\"widget\" data-widget_type=\"heading.default\">\n\t\t\t\t<div class=\"elementor-widget-container\">\n\t\t\t\t\t<h4 class=\"elementor-heading-title elementor-size-medium\">ENGAGEMENT F\u00dcR <br>ERNEUERBARE ENERGIEN<\/h4>\t\t\t\t<\/div>\n\t\t\t\t<\/div>\n\t\t\t\t<div class=\"elementor-element elementor-element-4f53049 elementor-widget elementor-widget-text-editor\" data-id=\"4f53049\" data-element_type=\"widget\" data-widget_type=\"text-editor.default\">\n\t\t\t\t<div class=\"elementor-widget-container\">\n\t\t\t\t\t\t\t\t\t<p>J\u00e4hrlich speisen wir \u00fcber 80.000 kWh eigens eingefangener Energie \u00fcber unsere Solar Panels auf dem Dach.<\/p><p>\u00a0<\/p>\t\t\t\t\t\t\t\t<\/div>\n\t\t\t\t<\/div>\n\t\t\t\t\t<\/div>\n\t\t<\/div>\n\t\t\t\t<div class=\"elementor-column elementor-col-33 elementor-inner-column elementor-element elementor-element-4197b8c\" data-id=\"4197b8c\" data-element_type=\"column\">\n\t\t\t<div class=\"elementor-widget-wrap elementor-element-populated\">\n\t\t\t\t\t\t<div class=\"elementor-element elementor-element-f96eb6a elementor-widget elementor-widget-image\" data-id=\"f96eb6a\" data-element_type=\"widget\" data-widget_type=\"image.default\">\n\t\t\t\t<div class=\"elementor-widget-container\">\n\t\t\t\t\t\t\t\t\t\t\t\t\t\t\t<img loading=\"lazy\" decoding=\"async\" width=\"95\" height=\"95\" src=\"https:\/\/www.anny-cosmetics.com\/app\/uploads\/2024\/08\/CO2-Ausgleich.svg\" class=\"attachment-thumbnail size-thumbnail wp-image-78869\" alt=\"CO2-Ausgleich Icon | ANNY\" \/>\t\t\t\t\t\t\t\t\t\t\t\t\t\t\t<\/div>\n\t\t\t\t<\/div>\n\t\t\t\t<div class=\"elementor-element elementor-element-a304235 elementor-widget elementor-widget-heading\" data-id=\"a304235\" data-element_type=\"widget\" data-widget_type=\"heading.default\">\n\t\t\t\t<div class=\"elementor-widget-container\">\n\t\t\t\t\t<h4 class=\"elementor-heading-title elementor-size-medium\">VERSAND<\/h4>\t\t\t\t<\/div>\n\t\t\t\t<\/div>\n\t\t\t\t<div class=\"elementor-element elementor-element-d22a371 elementor-widget elementor-widget-text-editor\" data-id=\"d22a371\" data-element_type=\"widget\" data-widget_type=\"text-editor.default\">\n\t\t\t\t<div class=\"elementor-widget-container\">\n\t\t\t\t\t\t\t\t\t<p>All Eure Bestellungen werden mit DHL GoGreen versendet. Dabei erfolgt der Ausgleich der beim Transport entstandenen CO2-Emissionen durch Investitionen seitens DHL in Klimaschutzprojekte.<\/p>\t\t\t\t\t\t\t\t<\/div>\n\t\t\t\t<\/div>\n\t\t\t\t\t<\/div>\n\t\t<\/div>\n\t\t\t\t<div class=\"elementor-column elementor-col-33 elementor-inner-column elementor-element elementor-element-f6a51e9\" data-id=\"f6a51e9\" data-element_type=\"column\">\n\t\t\t<div class=\"elementor-widget-wrap elementor-element-populated\">\n\t\t\t\t\t\t<div class=\"elementor-element elementor-element-405ab23 elementor-widget elementor-widget-image\" data-id=\"405ab23\" data-element_type=\"widget\" data-widget_type=\"image.default\">\n\t\t\t\t<div class=\"elementor-widget-container\">\n\t\t\t\t\t\t\t\t\t\t\t\t\t\t\t<img loading=\"lazy\" decoding=\"async\" width=\"95\" height=\"95\" src=\"https:\/\/www.anny-cosmetics.com\/app\/uploads\/2024\/08\/Oekoestrom.svg\" class=\"attachment-large size-large wp-image-78881\" alt=\"\u00d6kostrom Icon | ANNY\" \/>\t\t\t\t\t\t\t\t\t\t\t\t\t\t\t<\/div>\n\t\t\t\t<\/div>\n\t\t\t\t<div class=\"elementor-element elementor-element-6053593 elementor-widget elementor-widget-heading\" data-id=\"6053593\" data-element_type=\"widget\" data-widget_type=\"heading.default\">\n\t\t\t\t<div class=\"elementor-widget-container\">\n\t\t\t\t\t<h4 class=\"elementor-heading-title elementor-size-medium\">\u00d6KOSTROM<\/h4>\t\t\t\t<\/div>\n\t\t\t\t<\/div>\n\t\t\t\t<div class=\"elementor-element elementor-element-50dfb6e elementor-widget elementor-widget-text-editor\" data-id=\"50dfb6e\" data-element_type=\"widget\" data-widget_type=\"text-editor.default\">\n\t\t\t\t<div class=\"elementor-widget-container\">\n\t\t\t\t\t\t\t\t\t<p>Seit 2022 beziehen wir auf unserem Firmengel\u00e4nde \u00d6kostrom, seit 2024 auch auf unserem Lagergel\u00e4nde und haben unser E-Lades\u00e4ulen Netzwerk ausgeweitet, sodass wir mittlerweile 17 Ladepunkte anbieten.<\/p>\t\t\t\t\t\t\t\t<\/div>\n\t\t\t\t<\/div>\n\t\t\t\t\t<\/div>\n\t\t<\/div>\n\t\t\t\t\t<\/div>\n\t\t<\/section>\n\t\t\t\t<section class=\"elementor-section elementor-inner-section elementor-element elementor-element-e7f428e elementor-section-boxed elementor-section-height-default elementor-section-height-default\" data-id=\"e7f428e\" data-element_type=\"section\">\n\t\t\t\t\t\t<div class=\"elementor-container elementor-column-gap-wide\">\n\t\t\t\t\t<div class=\"elementor-column elementor-col-33 elementor-inner-column elementor-element elementor-element-d12123c\" data-id=\"d12123c\" data-element_type=\"column\">\n\t\t\t<div class=\"elementor-widget-wrap elementor-element-populated\">\n\t\t\t\t\t\t<div class=\"elementor-element elementor-element-ac81525 elementor-widget elementor-widget-image\" data-id=\"ac81525\" data-element_type=\"widget\" data-widget_type=\"image.default\">\n\t\t\t\t<div class=\"elementor-widget-container\">\n\t\t\t\t\t\t\t\t\t\t\t\t\t\t\t<img loading=\"lazy\" decoding=\"async\" width=\"95\" height=\"95\" src=\"https:\/\/www.anny-cosmetics.com\/app\/uploads\/2024\/08\/Soziales_Engagement.svg\" class=\"attachment-thumbnail size-thumbnail wp-image-78893\" alt=\"Soziales Engagement | ANNY\" \/>\t\t\t\t\t\t\t\t\t\t\t\t\t\t\t<\/div>\n\t\t\t\t<\/div>\n\t\t\t\t<div class=\"elementor-element elementor-element-42b7ee7 elementor-widget elementor-widget-heading\" data-id=\"42b7ee7\" data-element_type=\"widget\" data-widget_type=\"heading.default\">\n\t\t\t\t<div class=\"elementor-widget-container\">\n\t\t\t\t\t<h4 class=\"elementor-heading-title elementor-size-medium\">SOZIALES ENGAGEMENT<\/h4>\t\t\t\t<\/div>\n\t\t\t\t<\/div>\n\t\t\t\t<div class=\"elementor-element elementor-element-2a8f5b8 elementor-widget elementor-widget-text-editor\" data-id=\"2a8f5b8\" data-element_type=\"widget\" data-widget_type=\"text-editor.default\">\n\t\t\t\t<div class=\"elementor-widget-container\">\n\t\t\t\t\t\t\t\t\t<p>Kontinuierlich unterst\u00fctzen wir verschiedene Organisationen durch Spenden und Auftr\u00e4ge, um deren Arbeit hinzu einem fairen menschlichen Miteinander zu f\u00f6rdern. Auch hands-on durch unser eigenes Corporate Volunteering Programm.\u00a0<\/p>\t\t\t\t\t\t\t\t<\/div>\n\t\t\t\t<\/div>\n\t\t\t\t\t<\/div>\n\t\t<\/div>\n\t\t\t\t<div class=\"elementor-column elementor-col-33 elementor-inner-column elementor-element elementor-element-55dfac5\" data-id=\"55dfac5\" data-element_type=\"column\">\n\t\t\t<div class=\"elementor-widget-wrap elementor-element-populated\">\n\t\t\t\t\t\t<div class=\"elementor-element elementor-element-11fad86 elementor-widget elementor-widget-image\" data-id=\"11fad86\" data-element_type=\"widget\" data-widget_type=\"image.default\">\n\t\t\t\t<div class=\"elementor-widget-container\">\n\t\t\t\t\t\t\t\t\t\t\t\t\t\t\t<img loading=\"lazy\" decoding=\"async\" width=\"95\" height=\"95\" src=\"https:\/\/www.anny-cosmetics.com\/app\/uploads\/2022\/10\/Icons-Nachhaltigkeit_Nachhaltigkeitsprojekt_Transportverpackung.svg\" class=\"attachment-thumbnail size-thumbnail wp-image-34889\" alt=\"Icon Transportverpackung | ANNY\" \/>\t\t\t\t\t\t\t\t\t\t\t\t\t\t\t<\/div>\n\t\t\t\t<\/div>\n\t\t\t\t<div class=\"elementor-element elementor-element-01395c8 elementor-widget elementor-widget-heading\" data-id=\"01395c8\" data-element_type=\"widget\" data-widget_type=\"heading.default\">\n\t\t\t\t<div class=\"elementor-widget-container\">\n\t\t\t\t\t<h4 class=\"elementor-heading-title elementor-size-medium\">VERSANDVERPACKUNGEN<\/h4>\t\t\t\t<\/div>\n\t\t\t\t<\/div>\n\t\t\t\t<div class=\"elementor-element elementor-element-2f147a7 elementor-widget elementor-widget-text-editor\" data-id=\"2f147a7\" data-element_type=\"widget\" data-widget_type=\"text-editor.default\">\n\t\t\t\t<div class=\"elementor-widget-container\">\n\t\t\t\t\t\t\t\t\t<p>Wir identifizierten st\u00e4ndig neue Einsparungspotentiale und setzten Materialumstellungen dementsprechend um. Unter anderem wurde so die Luftpolsterfolie, welche als das F\u00fcllmaterial in unserem ANNY Produktversand dient, auf Recyclingpapier umgestellt.<\/p>\t\t\t\t\t\t\t\t<\/div>\n\t\t\t\t<\/div>\n\t\t\t\t\t<\/div>\n\t\t<\/div>\n\t\t\t\t<div class=\"elementor-column elementor-col-33 elementor-inner-column elementor-element elementor-element-be40d8a\" data-id=\"be40d8a\" data-element_type=\"column\">\n\t\t\t<div class=\"elementor-widget-wrap elementor-element-populated\">\n\t\t\t\t\t\t<div class=\"elementor-element elementor-element-d65661e elementor-widget elementor-widget-image\" data-id=\"d65661e\" data-element_type=\"widget\" data-widget_type=\"image.default\">\n\t\t\t\t<div class=\"elementor-widget-container\">\n\t\t\t\t\t\t\t\t\t\t\t\t\t\t\t<img loading=\"lazy\" decoding=\"async\" width=\"95\" height=\"95\" src=\"https:\/\/www.anny-cosmetics.com\/app\/uploads\/2022\/10\/AY_Website_Icons-Was_uns_wichtig_ist-Einzel.svg\" class=\"attachment-thumbnail size-thumbnail wp-image-34937\" alt=\"Icon Was Uns Wichtig Ist | ANNY\" \/>\t\t\t\t\t\t\t\t\t\t\t\t\t\t\t<\/div>\n\t\t\t\t<\/div>\n\t\t\t\t<div class=\"elementor-element elementor-element-6523cc2 elementor-widget elementor-widget-heading\" data-id=\"6523cc2\" data-element_type=\"widget\" data-widget_type=\"heading.default\">\n\t\t\t\t<div class=\"elementor-widget-container\">\n\t\t\t\t\t<h4 class=\"elementor-heading-title elementor-size-medium\">WAS UNS WICHTIG IST<\/h4>\t\t\t\t<\/div>\n\t\t\t\t<\/div>\n\t\t\t\t<div class=\"elementor-element elementor-element-3c98131 elementor-widget elementor-widget-text-editor\" data-id=\"3c98131\" data-element_type=\"widget\" data-widget_type=\"text-editor.default\">\n\t\t\t\t<div class=\"elementor-widget-container\">\n\t\t\t\t\t\t\t\t\t<p>Wir bei ANNY m\u00f6chten unterschiedliche Dimensionen von Nachhaltigkeit in den unternehmerischen Herausforderungen betrachten. Das bedeutet, die Art und Weise zu hinterfragen und zu \u00e4ndern, wie wir entwickeln, produzieren und handeln. Denn Sicherheit und Qualit\u00e4t sind f\u00fcr uns unverzichtbar. Ebenso unverzichtbar ist es auch, mutig zu sein, Verantwortung zu \u00fcbernehmen und herausfordernde Ziele zu setzen, denn: \u201eThere is no plan(et) B.&#8221;<\/p>\t\t\t\t\t\t\t\t<\/div>\n\t\t\t\t<\/div>\n\t\t\t\t\t<\/div>\n\t\t<\/div>\n\t\t\t\t\t<\/div>\n\t\t<\/section>\n\t\t\t\t\t<\/div>\n\t\t<\/div>\n\t\t\t\t\t<\/div>\n\t\t<\/section>\n\t\t\t\t<section class=\"elementor-section elementor-top-section elementor-element elementor-element-3d51279 elementor-section-boxed elementor-section-height-default elementor-section-height-default\" data-id=\"3d51279\" data-element_type=\"section\">\n\t\t\t\t\t\t<div class=\"elementor-container elementor-column-gap-default\">\n\t\t\t\t\t<div class=\"elementor-column elementor-col-100 elementor-top-column elementor-element elementor-element-6e9c4db\" data-id=\"6e9c4db\" data-element_type=\"column\">\n\t\t\t<div class=\"elementor-widget-wrap elementor-element-populated\">\n\t\t\t\t\t\t<div class=\"elementor-element elementor-element-9d45c8a elementor-widget elementor-widget-heading\" data-id=\"9d45c8a\" data-element_type=\"widget\" data-widget_type=\"heading.default\">\n\t\t\t\t<div class=\"elementor-widget-container\">\n\t\t\t\t\t<h2 class=\"elementor-heading-title elementor-size-default\">Sustainability Compass <\/h2>\t\t\t\t<\/div>\n\t\t\t\t<\/div>\n\t\t\t\t<div class=\"elementor-element elementor-element-89710e0 elementor-widget elementor-widget-text-editor\" data-id=\"89710e0\" data-element_type=\"widget\" data-widget_type=\"text-editor.default\">\n\t\t\t\t<div class=\"elementor-widget-container\">\n\t\t\t\t\t\t\t\t\t<p>Wir werden von vier Zielen f\u00fcr die nachhaltige Entwicklung geleitet:<\/p>\t\t\t\t\t\t\t\t<\/div>\n\t\t\t\t<\/div>\n\t\t\t\t\t<\/div>\n\t\t<\/div>\n\t\t\t\t\t<\/div>\n\t\t<\/section>\n\t\t\t\t<section class=\"elementor-section elementor-top-section elementor-element elementor-element-f3c3630 elementor-section-full_width elementor-section-height-default elementor-section-height-default\" data-id=\"f3c3630\" data-element_type=\"section\">\n\t\t\t\t\t\t<div class=\"elementor-container elementor-column-gap-default\">\n\t\t\t\t\t<div class=\"elementor-column elementor-col-100 elementor-top-column elementor-element elementor-element-ec8f115\" data-id=\"ec8f115\" data-element_type=\"column\">\n\t\t\t<div class=\"elementor-widget-wrap elementor-element-populated\">\n\t\t\t\t\t\t<div class=\"elementor-element elementor-element-3a7178e elementor-widget__width-inherit elementor-widget elementor-widget-image\" data-id=\"3a7178e\" data-element_type=\"widget\" data-widget_type=\"image.default\">\n\t\t\t\t<div class=\"elementor-widget-container\">\n\t\t\t\t\t\t\t\t\t\t\t\t\t\t\t<img loading=\"lazy\" decoding=\"async\" width=\"1200\" height=\"576\" src=\"https:\/\/www.anny-cosmetics.com\/app\/uploads\/2026\/01\/Sustainability-Compass-ANNY-EN-1520x729.jpg\" class=\"attachment-large size-large wp-image-91852\" alt=\"Sustainability Compass ANNY DE\" \/>\t\t\t\t\t\t\t\t\t\t\t\t\t\t\t<\/div>\n\t\t\t\t<\/div>\n\t\t\t\t\t<\/div>\n\t\t<\/div>\n\t\t\t\t\t<\/div>\n\t\t<\/section>\n\t\t\t\t<section class=\"elementor-section elementor-top-section elementor-element elementor-element-e8f9674 elementor-section-boxed elementor-section-height-default elementor-section-height-default\" data-id=\"e8f9674\" data-element_type=\"section\">\n\t\t\t\t\t\t<div class=\"elementor-container elementor-column-gap-default\">\n\t\t\t\t\t<div class=\"elementor-column elementor-col-100 elementor-top-column elementor-element elementor-element-5850a990\" data-id=\"5850a990\" data-element_type=\"column\">\n\t\t\t<div class=\"elementor-widget-wrap elementor-element-populated\">\n\t\t\t\t\t\t<section class=\"elementor-section elementor-inner-section elementor-element elementor-element-7894eed6 elementor-section-boxed elementor-section-height-default elementor-section-height-default\" data-id=\"7894eed6\" data-element_type=\"section\">\n\t\t\t\t\t\t<div class=\"elementor-container elementor-column-gap-default\">\n\t\t\t\t\t<div class=\"elementor-column elementor-col-100 elementor-inner-column elementor-element elementor-element-74409f72\" data-id=\"74409f72\" data-element_type=\"column\">\n\t\t\t<div class=\"elementor-widget-wrap elementor-element-populated\">\n\t\t\t\t\t\t<div class=\"elementor-element elementor-element-2f4203b8 elementor-widget elementor-widget-heading\" data-id=\"2f4203b8\" data-element_type=\"widget\" data-widget_type=\"heading.default\">\n\t\t\t\t<div class=\"elementor-widget-container\">\n\t\t\t\t\t<h3 class=\"elementor-heading-title elementor-size-default\"><br><span style=\"font-size: 32.4px\">HIGH STANDARDS, HIGH VALUES<\/span><\/h3>\t\t\t\t<\/div>\n\t\t\t\t<\/div>\n\t\t\t\t<div class=\"elementor-element elementor-element-1a4920ae elementor-widget elementor-widget-text-editor\" data-id=\"1a4920ae\" data-element_type=\"widget\" data-widget_type=\"text-editor.default\">\n\t\t\t\t<div class=\"elementor-widget-container\">\n\t\t\t\t\t\t\t\t\t<p>ANNY \u00fcbernimmt soziale, \u00f6kologische und \u00f6konomische Verantwortung f\u00fcr Mitarbeiter, Kunden und zuk\u00fcnftige Generationen. Mit unseren Werten im Blick, mehr Transparenz, Verantwortung und Innovationsf\u00e4higkeit wollen wir unsere Prozesse und Produkte schrittweise weiter optimieren.<\/p>\t\t\t\t\t\t\t\t<\/div>\n\t\t\t\t<\/div>\n\t\t\t\t\t<\/div>\n\t\t<\/div>\n\t\t\t\t\t<\/div>\n\t\t<\/section>\n\t\t\t\t<section class=\"elementor-section elementor-inner-section elementor-element elementor-element-1cb6ca6 elementor-section-boxed elementor-section-height-default elementor-section-height-default\" data-id=\"1cb6ca6\" data-element_type=\"section\">\n\t\t\t\t\t\t<div class=\"elementor-container elementor-column-gap-wide\">\n\t\t\t\t\t<div class=\"elementor-column elementor-col-100 elementor-inner-column elementor-element elementor-element-a124dde\" data-id=\"a124dde\" data-element_type=\"column\">\n\t\t\t<div class=\"elementor-widget-wrap elementor-element-populated\">\n\t\t\t\t\t\t<div class=\"elementor-element elementor-element-3d1d66f elementor-widget elementor-widget-heading\" data-id=\"3d1d66f\" data-element_type=\"widget\" data-widget_type=\"heading.default\">\n\t\t\t\t<div class=\"elementor-widget-container\">\n\t\t\t\t\t<h3 class=\"elementor-heading-title elementor-size-default\"><br><span style=\"font-size: 32.4px\">UNSERE REISE ZU MEHR NACHHALTIGKEIT...\u200b<\/span><\/h3>\t\t\t\t<\/div>\n\t\t\t\t<\/div>\n\t\t\t\t\t<\/div>\n\t\t<\/div>\n\t\t\t\t\t<\/div>\n\t\t<\/section>\n\t\t\t\t\t<\/div>\n\t\t<\/div>\n\t\t\t\t\t<\/div>\n\t\t<\/section>\n\t\t\t\t<section class=\"elementor-section elementor-top-section elementor-element elementor-element-81d15cf elementor-section-full_width elementor-section-height-default elementor-section-height-default\" data-id=\"81d15cf\" data-element_type=\"section\">\n\t\t\t\t\t\t<div class=\"elementor-container elementor-column-gap-default\">\n\t\t\t\t\t<div class=\"elementor-column elementor-col-50 elementor-top-column elementor-element elementor-element-827d0da\" data-id=\"827d0da\" data-element_type=\"column\">\n\t\t\t<div class=\"elementor-widget-wrap elementor-element-populated\">\n\t\t\t\t\t\t<div class=\"elementor-element elementor-element-f6dc82b elementor-widget elementor-widget-image\" data-id=\"f6dc82b\" data-element_type=\"widget\" data-widget_type=\"image.default\">\n\t\t\t\t<div class=\"elementor-widget-container\">\n\t\t\t\t\t\t\t\t\t\t\t\t\t\t\t<img loading=\"lazy\" decoding=\"async\" width=\"1200\" height=\"676\" src=\"https:\/\/www.anny-cosmetics.com\/app\/uploads\/2024\/08\/ANNY_Motiv_Nachhaltigkeit_16-9-1520x856.jpg\" class=\"attachment-large size-large wp-image-78857\" alt=\"Unserer Reise zu mehr Nachhaltigkeit... | ANNY\" \/>\t\t\t\t\t\t\t\t\t\t\t\t\t\t\t<\/div>\n\t\t\t\t<\/div>\n\t\t\t\t\t<\/div>\n\t\t<\/div>\n\t\t\t\t<div class=\"elementor-column elementor-col-50 elementor-top-column elementor-element elementor-element-0722071\" data-id=\"0722071\" data-element_type=\"column\">\n\t\t\t<div class=\"elementor-widget-wrap elementor-element-populated\">\n\t\t\t\t\t\t<div class=\"elementor-element elementor-element-b947bfa elementor-widget elementor-widget-text-editor\" data-id=\"b947bfa\" data-element_type=\"widget\" data-widget_type=\"text-editor.default\">\n\t\t\t\t<div class=\"elementor-widget-container\">\n\t\t\t\t\t\t\t\t\t<p>&#8230;ist ein kontinuierlicher Prozess, der Engagement, Ausdauer und die Bereitschaft erfordert, Bestehendes zu \u00fcberdenken und zu verbessern. Unser Ziel ist es, die drei S\u00e4ulen der Nachhaltigkeit \u2013 Umweltschutz, soziale Gerechtigkeit und wirtschaft-lichen Wohlstand \u2013 langfristig in eine Balance zu bringen.<\/p><p>Unser Engagement gliedert sich daher in drei Themenfelder:<br \/>RESPONSIBLE\u00a0= lebensf\u00e4hige Welt. Hier berichten wir \u00fcber unsere wirtschaftlichen Aktivit\u00e4ten, Unternehmensfakten und Mitarbeitenden.<br \/>CONSCIOUS\u00a0= lebenswerte Welt. Hier informieren wir \u00fcber das, was wir tun, um unsere Natur zu bewahren.<br \/>CARING\u00a0= gerechte Welt. Hier zeigen wir unseren Beitrag zu einer faireren und inklusiveren Gesellschaft auf.<\/p><p>Unsere Unternehmenswerte Transparenz, Verantwortung und Innovationsf\u00e4higkeit begleiten uns auf unserer Reise. Und: F\u00fcr uns sind starke Partnerschaften und Zusammenhalt entscheidend, um nachhaltiges Handeln weltweit konsequent umzusetzen.<\/p>\t\t\t\t\t\t\t\t<\/div>\n\t\t\t\t<\/div>\n\t\t\t\t\t<\/div>\n\t\t<\/div>\n\t\t\t\t\t<\/div>\n\t\t<\/section>\n\t\t\t\t<section class=\"elementor-section elementor-top-section elementor-element elementor-element-c41e65f elementor-section-boxed elementor-section-height-default elementor-section-height-default\" data-id=\"c41e65f\" data-element_type=\"section\" data-settings=\"{&quot;background_background&quot;:&quot;classic&quot;}\">\n\t\t\t\t\t\t<div class=\"elementor-container elementor-column-gap-default\">\n\t\t\t\t\t<div class=\"elementor-column elementor-col-100 elementor-top-column elementor-element elementor-element-8c7afa6\" data-id=\"8c7afa6\" data-element_type=\"column\">\n\t\t\t<div class=\"elementor-widget-wrap elementor-element-populated\">\n\t\t\t\t\t\t<div class=\"elementor-element elementor-element-f4367b8 elementor-widget elementor-widget-heading\" data-id=\"f4367b8\" data-element_type=\"widget\" data-widget_type=\"heading.default\">\n\t\t\t\t<div class=\"elementor-widget-container\">\n\t\t\t\t\t<h3 class=\"elementor-heading-title elementor-size-default\"><span style=\"font-size: 32.4px\">MEHR TRANSPARENZ MIT UNSEREM<\/span><br><span style=\"font-size: 32.4px\"> NACHHALTIGKEITSBERICHT<\/span><\/h3>\t\t\t\t<\/div>\n\t\t\t\t<\/div>\n\t\t\t\t<div class=\"elementor-element elementor-element-e635453 elementor-widget elementor-widget-image\" data-id=\"e635453\" data-element_type=\"widget\" data-widget_type=\"image.default\">\n\t\t\t\t<div class=\"elementor-widget-container\">\n\t\t\t\t\t\t\t\t\t\t\t\t\t\t\t<img loading=\"lazy\" decoding=\"async\" width=\"95\" height=\"95\" src=\"https:\/\/www.anny-cosmetics.com\/app\/uploads\/2022\/06\/AY_Website_Icons-Unsere_naechsten_Schritte-Einzel.svg\" class=\"attachment-thumbnail size-thumbnail wp-image-20410\" alt=\"Unsere n\u00e4chsten Schritte Icon | ANNY\" \/>\t\t\t\t\t\t\t\t\t\t\t\t\t\t\t<\/div>\n\t\t\t\t<\/div>\n\t\t\t\t<div class=\"elementor-element elementor-element-958fb10 elementor-widget elementor-widget-text-editor\" data-id=\"958fb10\" data-element_type=\"widget\" data-widget_type=\"text-editor.default\">\n\t\t\t\t<div class=\"elementor-widget-container\">\n\t\t\t\t\t\t\t\t\t<p>Mit unseren Nachhaltigkeitsbericht schaffen wir <strong>mehr Transparenz<\/strong> f\u00fcr unsere Kunden und Partner.<\/p>\n<p>Lese hier in unserem Nachhaltigkeitsbericht, was wir bereits leisten und was wir uns f\u00fcr die Zukunft zum Ziel gesetzt haben.<\/p>\n<p>Denn wir sind der \u00dcberzeugung:<strong> &#8220;No planet, no beauty&#8221;<\/strong>.<\/p>\t\t\t\t\t\t\t\t<\/div>\n\t\t\t\t<\/div>\n\t\t\t\t<div class=\"elementor-element elementor-element-447600e elementor-align-center elementor-widget elementor-widget-button\" data-id=\"447600e\" data-element_type=\"widget\" data-widget_type=\"button.default\">\n\t\t\t\t<div class=\"elementor-widget-container\">\n\t\t\t\t\t\t\t\t\t<div class=\"elementor-button-wrapper\">\n\t\t\t\t\t<a class=\"elementor-button elementor-button-link elementor-size-sm\" href=\"https:\/\/www.anny-cosmetics.com\/app\/uploads\/2025\/10\/BilancioGruppoSodalis_EN_2024.pdf\">\n\t\t\t\t\t\t<span class=\"elementor-button-content-wrapper\">\n\t\t\t\t\t\t\t\t\t<span class=\"elementor-button-text\">Hier herunterladen<\/span>\n\t\t\t\t\t<\/span>\n\t\t\t\t\t<\/a>\n\t\t\t\t<\/div>\n\t\t\t\t\t\t\t\t<\/div>\n\t\t\t\t<\/div>\n\t\t\t\t\t<\/div>\n\t\t<\/div>\n\t\t\t\t\t<\/div>\n\t\t<\/section>\n\t\t\t\t<section class=\"elementor-section elementor-top-section elementor-element elementor-element-e9c4714 elementor-section-boxed elementor-section-height-default elementor-section-height-default\" data-id=\"e9c4714\" data-element_type=\"section\">\n\t\t\t\t\t\t<div class=\"elementor-container elementor-column-gap-default\">\n\t\t\t\t\t<div class=\"elementor-column elementor-col-100 elementor-top-column elementor-element elementor-element-5c019fd\" data-id=\"5c019fd\" data-element_type=\"column\">\n\t\t\t<div class=\"elementor-widget-wrap elementor-element-populated\">\n\t\t\t\t\t\t<div class=\"elementor-element elementor-element-8225628 elementor-widget elementor-widget-heading\" data-id=\"8225628\" data-element_type=\"widget\" data-widget_type=\"heading.default\">\n\t\t\t\t<div class=\"elementor-widget-container\">\n\t\t\t\t\t<h3 class=\"elementor-heading-title elementor-size-default\"><span style=\"font-size: 32.4px\">UN GLOBAL COMPACT FORTSCHRITTSBERICHT <\/span><\/h3>\t\t\t\t<\/div>\n\t\t\t\t<\/div>\n\t\t\t\t<div class=\"elementor-element elementor-element-66d7a1c elementor-widget elementor-widget-text-editor\" data-id=\"66d7a1c\" data-element_type=\"widget\" data-widget_type=\"text-editor.default\">\n\t\t\t\t<div class=\"elementor-widget-container\">\n\t\t\t\t\t\t\t\t\t<p>Die ARTDECO cosmetic Group hat sich freiwillig dem United Nations Global Compact verpflichtet und berichtet j\u00e4hrlich \u00fcber die Fortschritte in den Bereichen Menschenrechte, Arbeitsnormen, Umweltschutz und Korruptionsbek\u00e4mpfung. Die Berichte k\u00f6nnen <span style=\"text-decoration: underline;\"><strong><a href=\"https:\/\/unglobalcompact.org\/what-is-gc\/participants\/148358-ARTDECO-cosmetic-Group\" data-wplink-edit=\"true\">auf unserem Profil \u00f6ffentlich eingesehen werden.<\/a><\/strong><\/span><\/p>\t\t\t\t\t\t\t\t<\/div>\n\t\t\t\t<\/div>\n\t\t\t\t<div class=\"elementor-element elementor-element-f359579 elementor-widget elementor-widget-image\" data-id=\"f359579\" data-element_type=\"widget\" data-widget_type=\"image.default\">\n\t\t\t\t<div class=\"elementor-widget-container\">\n\t\t\t\t\t\t\t\t\t\t\t\t\t\t\t\t<a href=\"https:\/\/unglobalcompact.org\/what-is-gc\/participants\/148358-ARTDECO-cosmetic-Group\">\n\t\t\t\t\t\t\t<img loading=\"lazy\" decoding=\"async\" width=\"1200\" height=\"676\" src=\"https:\/\/www.anny-cosmetics.com\/app\/uploads\/2026\/01\/ANNY_Motiv_Responsible_Guidance2026_16-9-1520x856.jpg\" class=\"attachment-large size-large wp-image-91669\" alt=\"\" \/>\t\t\t\t\t\t\t\t<\/a>\n\t\t\t\t\t\t\t\t\t\t\t\t\t\t\t<\/div>\n\t\t\t\t<\/div>\n\t\t\t\t\t<\/div>\n\t\t<\/div>\n\t\t\t\t\t<\/div>\n\t\t<\/section>\n\t\t\t\t<\/div>\n\t\t","protected":false},"excerpt":{"rendered":"<p>NACHHALTIGKEIT Was genau Nachhaltigkeit f\u00fcr uns bedeutet, welche Rolle sie jetzt schon in unserem Unternehmen spielt und welche weiteren Schritte f\u00fcr die Zukunft geplant sind erf\u00e4hrst du hier. Der Weg ist das Ziel A VISION FOR A BETTER TOMORROW Vision: Wir sehen die Sch\u00f6nheit in jedem Menschen. Sch\u00f6nheit braucht einen lebenswerten Planeten. Daf\u00fcr \u00fcbernehmen wir [&hellip;]<\/p>\n","protected":false},"author":1,"featured_media":21134,"parent":0,"menu_order":0,"comment_status":"closed","ping_status":"closed","template":"","meta":{"footnotes":""},"class_list":["post-16615","page","type-page","status-publish","has-post-thumbnail","hentry"],"yoast_head":"<!-- This site is optimized with the Yoast SEO plugin v25.7 - https:\/\/yoast.com\/wordpress\/plugins\/seo\/ -->\n<title>Nachhaltigkeit liegt uns am Herzen | ANNY<\/title>\n<meta name=\"description\" content=\"Erfahre, wie ANNY soziale, \u00f6kologische und \u00f6konomische Verantwortung in der Wertsch\u00f6pfungskette \u00fcbernimmt und zur Nachhaltigkeit beitr\u00e4gt. \u25b6\" \/>\n<meta name=\"robots\" content=\"index, follow, max-snippet:-1, max-image-preview:large, max-video-preview:-1\" \/>\n<link rel=\"canonical\" href=\"https:\/\/www.anny-cosmetics.com\/de\/nachhaltigkeit\/\" \/>\n<meta property=\"og:locale\" content=\"de_DE\" \/>\n<meta property=\"og:type\" content=\"article\" \/>\n<meta property=\"og:title\" content=\"Nachhaltigkeit liegt uns am Herzen | ANNY\" \/>\n<meta property=\"og:description\" content=\"Erfahre, wie ANNY soziale, \u00f6kologische und \u00f6konomische Verantwortung in der Wertsch\u00f6pfungskette \u00fcbernimmt und zur Nachhaltigkeit beitr\u00e4gt. \u25b6\" \/>\n<meta property=\"og:url\" content=\"https:\/\/www.anny-cosmetics.com\/de\/nachhaltigkeit\/\" \/>\n<meta property=\"og:site_name\" content=\"ANNY Cosmetics\" \/>\n<meta property=\"article:publisher\" content=\"https:\/\/www.facebook.com\/Anny.cosmetics\/\" \/>\n<meta property=\"article:modified_time\" content=\"2026-01-27T10:37:26+00:00\" \/>\n<meta property=\"og:image\" content=\"https:\/\/www.anny-cosmetics.com\/app\/uploads\/2022\/07\/Banner_Nachhaltigkeit.jpg\" \/>\n\t<meta property=\"og:image:width\" content=\"2000\" \/>\n\t<meta property=\"og:image:height\" content=\"702\" \/>\n\t<meta property=\"og:image:type\" content=\"image\/jpeg\" \/>\n<meta name=\"twitter:card\" content=\"summary_large_image\" \/>\n<meta name=\"twitter:label1\" content=\"Gesch\u00e4tzte Lesezeit\" \/>\n\t<meta name=\"twitter:data1\" content=\"8 Minuten\" \/>\n<script type=\"application\/ld+json\" class=\"yoast-schema-graph\">{\"@context\":\"https:\/\/schema.org\",\"@graph\":[{\"@type\":\"WebPage\",\"@id\":\"https:\/\/www.anny-cosmetics.com\/de\/nachhaltigkeit\/\",\"url\":\"https:\/\/www.anny-cosmetics.com\/de\/nachhaltigkeit\/\",\"name\":\"Nachhaltigkeit liegt uns am Herzen | ANNY\",\"isPartOf\":{\"@id\":\"https:\/\/www.anny-cosmetics.com\/de\/#website\"},\"primaryImageOfPage\":{\"@id\":\"https:\/\/www.anny-cosmetics.com\/de\/nachhaltigkeit\/#primaryimage\"},\"image\":{\"@id\":\"https:\/\/www.anny-cosmetics.com\/de\/nachhaltigkeit\/#primaryimage\"},\"thumbnailUrl\":\"https:\/\/www.anny-cosmetics.com\/app\/uploads\/2022\/07\/Banner_Nachhaltigkeit.jpg\",\"datePublished\":\"2022-06-22T08:45:36+00:00\",\"dateModified\":\"2026-01-27T10:37:26+00:00\",\"description\":\"Erfahre, wie ANNY soziale, \u00f6kologische und \u00f6konomische Verantwortung in der Wertsch\u00f6pfungskette \u00fcbernimmt und zur Nachhaltigkeit beitr\u00e4gt. \u25b6\",\"breadcrumb\":{\"@id\":\"https:\/\/www.anny-cosmetics.com\/de\/nachhaltigkeit\/#breadcrumb\"},\"inLanguage\":\"de-DE\",\"potentialAction\":[{\"@type\":\"ReadAction\",\"target\":[\"https:\/\/www.anny-cosmetics.com\/de\/nachhaltigkeit\/\"]}]},{\"@type\":\"ImageObject\",\"inLanguage\":\"de-DE\",\"@id\":\"https:\/\/www.anny-cosmetics.com\/de\/nachhaltigkeit\/#primaryimage\",\"url\":\"https:\/\/www.anny-cosmetics.com\/app\/uploads\/2022\/07\/Banner_Nachhaltigkeit.jpg\",\"contentUrl\":\"https:\/\/www.anny-cosmetics.com\/app\/uploads\/2022\/07\/Banner_Nachhaltigkeit.jpg\",\"width\":2000,\"height\":702,\"caption\":\"Nachhaltigkeit Banner | ANNY\"},{\"@type\":\"BreadcrumbList\",\"@id\":\"https:\/\/www.anny-cosmetics.com\/de\/nachhaltigkeit\/#breadcrumb\",\"itemListElement\":[{\"@type\":\"ListItem\",\"position\":1,\"name\":\"Home\",\"item\":\"https:\/\/www.anny-cosmetics.com\/de\/\"},{\"@type\":\"ListItem\",\"position\":2,\"name\":\"ANNY FOR OUR PLANET\"}]},{\"@type\":\"WebSite\",\"@id\":\"https:\/\/www.anny-cosmetics.com\/de\/#website\",\"url\":\"https:\/\/www.anny-cosmetics.com\/de\/\",\"name\":\"ANNY Cosmetics\",\"description\":\"\",\"potentialAction\":[{\"@type\":\"SearchAction\",\"target\":{\"@type\":\"EntryPoint\",\"urlTemplate\":\"https:\/\/www.anny-cosmetics.com\/de\/?s={search_term_string}\"},\"query-input\":{\"@type\":\"PropertyValueSpecification\",\"valueRequired\":true,\"valueName\":\"search_term_string\"}}],\"inLanguage\":\"de-DE\"}]}<\/script>\n<!-- \/ Yoast SEO plugin. -->","yoast_head_json":{"title":"Nachhaltigkeit liegt uns am Herzen | ANNY","description":"Erfahre, wie ANNY soziale, \u00f6kologische und \u00f6konomische Verantwortung in der Wertsch\u00f6pfungskette \u00fcbernimmt und zur Nachhaltigkeit beitr\u00e4gt. \u25b6","robots":{"index":"index","follow":"follow","max-snippet":"max-snippet:-1","max-image-preview":"max-image-preview:large","max-video-preview":"max-video-preview:-1"},"canonical":"https:\/\/www.anny-cosmetics.com\/de\/nachhaltigkeit\/","og_locale":"de_DE","og_type":"article","og_title":"Nachhaltigkeit liegt uns am Herzen | ANNY","og_description":"Erfahre, wie ANNY soziale, \u00f6kologische und \u00f6konomische Verantwortung in der Wertsch\u00f6pfungskette \u00fcbernimmt und zur Nachhaltigkeit beitr\u00e4gt. \u25b6","og_url":"https:\/\/www.anny-cosmetics.com\/de\/nachhaltigkeit\/","og_site_name":"ANNY Cosmetics","article_publisher":"https:\/\/www.facebook.com\/Anny.cosmetics\/","article_modified_time":"2026-01-27T10:37:26+00:00","og_image":[{"width":2000,"height":702,"url":"https:\/\/www.anny-cosmetics.com\/app\/uploads\/2022\/07\/Banner_Nachhaltigkeit.jpg","type":"image\/jpeg"}],"twitter_card":"summary_large_image","twitter_misc":{"Gesch\u00e4tzte Lesezeit":"8 Minuten"},"schema":{"@context":"https:\/\/schema.org","@graph":[{"@type":"WebPage","@id":"https:\/\/www.anny-cosmetics.com\/de\/nachhaltigkeit\/","url":"https:\/\/www.anny-cosmetics.com\/de\/nachhaltigkeit\/","name":"Nachhaltigkeit liegt uns am Herzen | ANNY","isPartOf":{"@id":"https:\/\/www.anny-cosmetics.com\/de\/#website"},"primaryImageOfPage":{"@id":"https:\/\/www.anny-cosmetics.com\/de\/nachhaltigkeit\/#primaryimage"},"image":{"@id":"https:\/\/www.anny-cosmetics.com\/de\/nachhaltigkeit\/#primaryimage"},"thumbnailUrl":"https:\/\/www.anny-cosmetics.com\/app\/uploads\/2022\/07\/Banner_Nachhaltigkeit.jpg","datePublished":"2022-06-22T08:45:36+00:00","dateModified":"2026-01-27T10:37:26+00:00","description":"Erfahre, wie ANNY soziale, \u00f6kologische und \u00f6konomische Verantwortung in der Wertsch\u00f6pfungskette \u00fcbernimmt und zur Nachhaltigkeit beitr\u00e4gt. \u25b6","breadcrumb":{"@id":"https:\/\/www.anny-cosmetics.com\/de\/nachhaltigkeit\/#breadcrumb"},"inLanguage":"de-DE","potentialAction":[{"@type":"ReadAction","target":["https:\/\/www.anny-cosmetics.com\/de\/nachhaltigkeit\/"]}]},{"@type":"ImageObject","inLanguage":"de-DE","@id":"https:\/\/www.anny-cosmetics.com\/de\/nachhaltigkeit\/#primaryimage","url":"https:\/\/www.anny-cosmetics.com\/app\/uploads\/2022\/07\/Banner_Nachhaltigkeit.jpg","contentUrl":"https:\/\/www.anny-cosmetics.com\/app\/uploads\/2022\/07\/Banner_Nachhaltigkeit.jpg","width":2000,"height":702,"caption":"Nachhaltigkeit Banner | ANNY"},{"@type":"BreadcrumbList","@id":"https:\/\/www.anny-cosmetics.com\/de\/nachhaltigkeit\/#breadcrumb","itemListElement":[{"@type":"ListItem","position":1,"name":"Home","item":"https:\/\/www.anny-cosmetics.com\/de\/"},{"@type":"ListItem","position":2,"name":"ANNY FOR OUR PLANET"}]},{"@type":"WebSite","@id":"https:\/\/www.anny-cosmetics.com\/de\/#website","url":"https:\/\/www.anny-cosmetics.com\/de\/","name":"ANNY Cosmetics","description":"","potentialAction":[{"@type":"SearchAction","target":{"@type":"EntryPoint","urlTemplate":"https:\/\/www.anny-cosmetics.com\/de\/?s={search_term_string}"},"query-input":{"@type":"PropertyValueSpecification","valueRequired":true,"valueName":"search_term_string"}}],"inLanguage":"de-DE"}]}},"_links":{"self":[{"href":"https:\/\/www.anny-cosmetics.com\/de\/wp-json\/wp\/v2\/pages\/16615","targetHints":{"allow":["GET"]}}],"collection":[{"href":"https:\/\/www.anny-cosmetics.com\/de\/wp-json\/wp\/v2\/pages"}],"about":[{"href":"https:\/\/www.anny-cosmetics.com\/de\/wp-json\/wp\/v2\/types\/page"}],"author":[{"embeddable":true,"href":"https:\/\/www.anny-cosmetics.com\/de\/wp-json\/wp\/v2\/users\/1"}],"replies":[{"embeddable":true,"href":"https:\/\/www.anny-cosmetics.com\/de\/wp-json\/wp\/v2\/comments?post=16615"}],"version-history":[{"count":281,"href":"https:\/\/www.anny-cosmetics.com\/de\/wp-json\/wp\/v2\/pages\/16615\/revisions"}],"predecessor-version":[{"id":91888,"href":"https:\/\/www.anny-cosmetics.com\/de\/wp-json\/wp\/v2\/pages\/16615\/revisions\/91888"}],"wp:featuredmedia":[{"embeddable":true,"href":"https:\/\/www.anny-cosmetics.com\/de\/wp-json\/wp\/v2\/media\/21134"}],"wp:attachment":[{"href":"https:\/\/www.anny-cosmetics.com\/de\/wp-json\/wp\/v2\/media?parent=16615"}],"curies":[{"name":"wp","href":"https:\/\/api.w.org\/{rel}","templated":true}]}}