{"id":3,"date":"2022-04-22T13:05:17","date_gmt":"2022-04-22T11:05:17","guid":{"rendered":"https:\/\/www.anny-cosmetics.com\/?page_id=3"},"modified":"2026-04-17T11:02:26","modified_gmt":"2026-04-17T09:02:26","slug":"datenschutzerklaerung","status":"publish","type":"page","link":"https:\/\/www.anny-cosmetics.com\/de\/datenschutzerklaerung\/","title":{"rendered":"Datenschutzerkl\u00e4rung"},"content":{"rendered":"\t\t<div data-elementor-type=\"wp-page\" data-elementor-id=\"3\" class=\"elementor elementor-3\" data-elementor-post-type=\"page\">\n\t\t\t\t\t\t<section class=\"elementor-section elementor-top-section elementor-element elementor-element-4ba88efa elementor-section-boxed elementor-section-height-default elementor-section-height-default\" data-id=\"4ba88efa\" data-element_type=\"section\">\n\t\t\t\t\t\t<div class=\"elementor-container elementor-column-gap-default\">\n\t\t\t\t\t<div class=\"elementor-column elementor-col-100 elementor-top-column elementor-element elementor-element-3a233f9\" data-id=\"3a233f9\" data-element_type=\"column\">\n\t\t\t<div class=\"elementor-widget-wrap elementor-element-populated\">\n\t\t\t\t\t\t<div class=\"elementor-element elementor-element-4ed82002 elementor-widget elementor-widget-text-editor\" data-id=\"4ed82002\" data-element_type=\"widget\" data-widget_type=\"text-editor.default\">\n\t\t\t\t<div class=\"elementor-widget-container\">\n\t\t\t\t\t\t\t\t\t<h1>Datenschutz<\/h1><h4><strong>Webseiten-Datenschutzerkl\u00e4rung und zugleich Information der Betroffenen gem\u00e4\u00df Artikel 13 und Artikel 14 EU-Datenschutzgrundverordnung<\/strong><\/h4><p><strong>Allgemeine Angaben<\/strong><\/p><p>Angaben zur verantwortlichen Stelle<br \/>Unternehmen: ICB innovative cosmetic bands GmbH<br \/>Vertretungsberechtigte Gesch\u00e4ftsf\u00fchrer: Riccardo Granata, Stefan Neumeyer<br \/>Adresse: Gau\u00dfstra\u00dfe 13, 85757 Karlsfeld<br \/>Telefon: 0049 8131 390 \u2013 05<br \/>E-Mail: <a href=\"mailto:online@anny-cosmetics.com\">online@anny-cosmetics.com<\/a><\/p><p>Kontaktdaten Datenschutzbeauftragter: <a href=\"mailto:datenschutz@artdeco.com\">datenschutz@artdeco.com<\/a><\/p><p><strong>Allgemeine Datenverarbeitungs-Informationen<\/strong><\/p><p>Betroffene Daten: Personenbezogene Daten werden nur erhoben, wenn Sie uns diese von sich aus mitteilen. Dar\u00fcber hinaus werden keine personenbezogenen Daten erhoben. Eine \u00fcber die Reichweite der gesetzlichen Erlaubnistatbest\u00e4nde hinausgehende Verarbeitung Ihrer personenbezogenen Daten erfolgt nur auf Grundlage Ihrer ausdr\u00fccklichen Einwilligung.<\/p><p>Verarbeitungszweck: Vertragsdurchf\u00fchrung.<\/p><p>Kategorien von Empf\u00e4ngern: \u00d6ffentliche Stellen bei Vorliegen vorrangiger Rechtsvorschriften. Externe Dienstleister oder sonstige Auftragnehmer.<br \/>Weitere externe Stellen soweit der Betroffene seine Einwilligung erteilt hat oder eine \u00dcbermittlung aus \u00fcberwiegendem Interesse zul\u00e4ssig ist.<\/p><p>Drittlandtransfers: Im Rahmen der Vertragsdurchf\u00fchrung k\u00f6nnen auch Auftragsverarbeiter au\u00dferhalb der Europ\u00e4ischen Union zum Einsatz kommen.<\/p><p>Dauer Datenspeicherung: Die Dauer der Datenspeicherung richtet sich nach den gesetzlichen Aufbewahrungspflichten und betr\u00e4gt in der Regel 10 Jahre.\u00a0<\/p><p><strong>Spezifische Ang<\/strong><strong>aben zur Webseite<\/strong><\/p><p><strong>Einsatz eigener f\u00fcr die Webseiten-Anzeige erforderlicher \u201eCookies\u201c<\/strong><\/p><p>Diese Webseite verwendet eigene \u201eCookies\u201c, um f\u00fcr die Webseiten-Anzeige erforderliche Einstellungen zu speichern (\u201eCookies\u201c sind Datens\u00e4tze, die vom Webserver an den Browser des Nutzers gesandt und dort f\u00fcr einen sp\u00e4teren Abruf gespeichert werden). In unseren eigenen \u201eCookies\u201c werden keinerlei personenbezogene Daten gespeichert. Sie k\u00f6nnen die Verwendung von \u201eCookies\u201c generell verhindern, wenn Sie in Ihrem Browser die Speicherung von \u201eCookies\u201c untersagen.<\/p><p><strong>Einsatz und Verwendung von Facebook<\/strong><\/p><p>Der f\u00fcr die Verarbeitung Verantwortliche hat auf dieser Internetseite Komponenten des Unternehmens Facebook integriert. Facebook ist ein soziales Netzwerk.<\/p><p>Ein soziales Netzwerk ist ein im Internet betriebener sozialer Treffpunkt, eine Online-Gemeinschaft, die es den Nutzern in der Regel erm\u00f6glicht, untereinander zu kommunizieren und im virtuellen Raum zu interagieren. Ein soziales Netzwerk kann als Plattform zum Austausch von Meinungen und Erfahrungen dienen oder erm\u00f6glicht es der Internetgemeinschaft, pers\u00f6nliche oder unternehmensbezogene Informationen bereitzustellen. Facebook erm\u00f6glicht den Nutzern des sozialen Netzwerkes unter anderem die Erstellung von privaten Profilen, den Upload von Fotos und eine Vernetzung \u00fcber Freundschaftsanfragen.<\/p><p>Betreibergesellschaft von Facebook ist die Facebook, Inc., 1 Hacker Way, Menlo Park, CA 94025, USA. F\u00fcr die Verarbeitung personenbezogener Daten Verantwortlicher ist, wenn eine betroffene Person au\u00dferhalb der USA oder Kanada lebt, die Facebook Ireland Ltd., 4 Grand Canal Square, Grand Canal Harbour, Dublin 2, Ireland.<\/p><p>Durch jeden Aufruf einer der Einzelseiten dieser Internetseite, die durch den f\u00fcr die Verarbeitung Verantwortlichen betrieben wird und auf welcher eine Facebook-Komponente (Facebook-Plug-In) integriert wurde, wird der Internetbrowser auf dem informationstechnologischen System der betroffenen Person automatisch durch die jeweilige Facebook-Komponente veranlasst, eine Darstellung der entsprechenden Facebook-Komponente von Facebook herunterzuladen. Eine Gesamt\u00fcbersicht \u00fcber alle Facebook-Plug-Ins kann unter\u00a0https:\/\/developers.facebook.com\/docs\/plugins\/?locale=de_DE\u00a0abgerufen werden. Im Rahmen dieses technischen Verfahrens erh\u00e4lt Facebook Kenntnis dar\u00fcber, welche konkrete Unterseite unserer Internetseite durch die betroffene Person besucht wird.<\/p><p>Sofern die betroffene Person gleichzeitig bei Facebook eingeloggt ist, erkennt Facebook mit jedem Aufruf unserer Internetseite durch die betroffene Person und w\u00e4hrend der gesamten Dauer des jeweiligen Aufenthaltes auf unserer Internetseite, welche konkrete Unterseite unserer Internetseite die betroffene Person besucht. Diese Informationen werden durch die Facebook-Komponente gesammelt und durch Facebook dem jeweiligen Facebook-Account der betroffenen Person zugeordnet. Bet\u00e4tigt die betroffene Person einen der auf unserer Internetseite integrierten Facebook-Buttons, beispielsweise den \u201eGef\u00e4llt mir\u201c-Button, oder gibt die betroffene Person einen Kommentar ab, ordnet Facebook diese Information dem pers\u00f6nlichen Facebook-Benutzerkonto der betroffenen Person zu und speichert diese personenbezogenen Daten.<\/p><p>Facebook erh\u00e4lt \u00fcber die Facebook-Komponente immer dann eine Information dar\u00fcber, dass die betroffene Person unsere Internetseite besucht hat, wenn die betroffene Person zum Zeitpunkt des Aufrufs unserer Internetseite gleichzeitig bei Facebook eingeloggt ist; dies findet unabh\u00e4ngig davon statt, ob die betroffene Person die Facebook-Komponente anklickt oder nicht. Ist eine derartige \u00dcbermittlung dieser Informationen an Facebook von der betroffenen Person nicht gewollt, kann diese die \u00dcbermittlung dadurch verhindern, dass sie sich vor einem Aufruf unserer Internetseite aus ihrem Facebook-Account ausloggt.<\/p><p>Die von Facebook ver\u00f6ffentlichte Datenrichtlinie, die unter\u00a0https:\/\/de-de.facebook.com\/about\/privacy\/\u00a0abrufbar ist, gibt Aufschluss \u00fcber die Erhebung, Verarbeitung und Nutzung personenbezogener Daten durch Facebook. Ferner wird dort erl\u00e4utert, welche Einstellungsm\u00f6glichkeiten Facebook zum Schutz der Privatsph\u00e4re der betroffenen Person bietet. Zudem sind unterschiedliche Applikationen erh\u00e4ltlich, die es erm\u00f6glichen, eine Daten\u00fcbermittlung an Facebook zu unterdr\u00fccken. Solche Applikationen k\u00f6nnen durch die betroffene Person genutzt werden, um eine Daten\u00fcbermittlung an Facebook zu unterdr\u00fccken.<\/p><p>Diese Website verwendet den \u201cFacebook-Pixel\u201d der Facebook Inc., 1 Hacker Way, Menlo Park, CA 94025, USA (\u201cFacebook\u201d). Im Falle der Erteilung einer ausdr\u00fccklichen Einwilligung kann hierdurch das Verhalten von Nutzern nachverfolgt werden, nachdem diese eine Facebook-Werbeanzeige gesehen oder angeklickt haben. Dieses Verfahren dient dazu, die Wirksamkeit der Facebook-Werbeanzeigen f\u00fcr statistische und Marktforschungszwecke auszuwerten und kann dazu beitragen, zuk\u00fcnftige Werbema\u00dfnahmen zu optimieren. Die erhobenen Daten sind f\u00fcr uns anonym, bieten uns also keine R\u00fcckschl\u00fcsse auf die Identit\u00e4t der Nutzer. Allerdings werden die Daten von Facebook gespeichert und verarbeitet, sodass eine Verbindung zum jeweiligen Nutzerprofil m\u00f6glich ist und Facebook die Daten f\u00fcr eigene Werbezwecke, entsprechend der Facebook- Datenverwendungsrichtlinie (https:\/\/www.facebook.com\/about\/privacy\/) verwenden kann. Sie k\u00f6nnen Facebook sowie dessen Partnern das Schalten von Werbeanzeigen auf und au\u00dferhalb von Facebook erm\u00f6glichen. Es kann ferner zu diesen Zwecken ein Cookie auf Ihrem Rechner gespeichert werden. Diese Verarbeitungsvorg\u00e4nge erfolgen ausschlie\u00dflich bei Erteilung der ausdr\u00fccklichen Einwilligung gem\u00e4\u00df Art. 6 Abs. 1 lit. a DSGVO. Eine Einwilligung in den Einsatz des Facebook-Pixels darf nur von Nutzern, die \u00e4lter als 13 Jahre alt sind, erkl\u00e4rt werden. Falls Sie j\u00fcnger sind, bitten wir Sie, Ihre Erziehungsberechtigten um Erlaubnis zu fragen. Facebook Inc. mit Sitz in den USA ist f\u00fcr das us-europ\u00e4ische Datenschutz\u00fcbereinkommen \u201ePrivacy Shield\u201c zertifiziert, welches die Einhaltung des in der EU geltenden Datenschutzniveaus gew\u00e4hrleistet. Um die Verwendung von Cookies auf Ihrem Computer zu deaktivieren, k\u00f6nnen Sie Ihren Internetbrowser so einstellen, dass zuk\u00fcnftig keine Cookies mehr auf Ihrem Computer abgelegt werden k\u00f6nnen bzw. bereits abgelegte Cookies gel\u00f6scht werden. Das Abschalten s\u00e4mtlicher Cookies kann jedoch dazu f\u00fchren, dass einige Funktionen auf unseren Internetseiten nicht mehr ausgef\u00fchrt werden k\u00f6nnen. Sie k\u00f6nnen der Verwendung von Cookies durch Drittanbieter wie z.B. Facebook auch auf folgender Website der Digital Advertising Alliance deaktivieren:\u00a0http:\/\/www.aboutads.info\/choices\/<\/p><p><strong>Einsatz von Google Analytics mit Einwilligung der Webseiten-Besucher<\/strong><\/p><p>Diese Website benutzt auf Basis der Einwilligung der Webseiten-Besucher Google Analytics, einen Webanalysedienst der Google Ireland Limited (\u201eGoogle\u201c). Google Analytics verwendet sog. \u201eCookies\u201c also Textdateien, die auf Ihrem Computer gespeichert werden und die eine Analyse der Benutzung der Website durch Sie erm\u00f6glichen. Die durch das Cookie erzeugten Informationen \u00fcber Ihre Benutzung dieser Website werden in der Regel auch an einen Server von Google in den USA \u00fcbertragen und dort gespeichert. Im Auftrag des Betreibers dieser Website wird Google diese Informationen benutzen, um Ihre Nutzung der Website auszuwerten, um Reports \u00fcber die Websiteaktivit\u00e4ten zusammenzustellen und um weitere mit der Websitenutzung und der Internetnutzung verbundene Dienstleistungen gegen\u00fcber dem Websitebetreiber zu erbringen. Wir m\u00f6chten darauf hinweisen, dass diese Website Google Analytics nur nach der vorher erteilten Zustimmung sowie mit gek\u00fcrzter Fassung der IP-Adressen verwendet, um eine direkte Personenbeziehbarkeit auszuschlie\u00dfen.<\/p><p><strong>Einsatz von YouTube Videos mit Einwilligung der Webseiten-Besucher<\/strong><\/p><p>Diese Website benutzt auf Basis der Einwilligung der Webseiten-Besucher YouTube Video, einen Videoplayer Dienst der Google Ireland Limited (\u201eGoogle\u201c). Wenn Sie eine Seite aufrufen, die \u00fcber ein eingebettetes Video verf\u00fcgt, wird eine Verbindung zu den Google-Servern hergestellt und dabei der Inhalt durch Mitteilung an Ihren Browser auf der Internetseite dargestellt (Betroffene Daten: u.a.: Ger\u00e4teinformation, IP-Adresse, Referrer URL, Angesehene Videos). Sind Sie gleichzeitig bei Google eingeloggt, werden diese Informationen Ihrem Mitgliedskonto bei YouTube zugeordnet. Dies k\u00f6nnen Sie verhindern, indem Sie sich vor dem Besuch unserer Website von Ihrem Mitgliedskonto abmelden. Die durch das Cookie erzeugten Informationen \u00fcber Ihre Benutzung dieser Website werden in der Regel auch an einen Server von Google in den USA \u00fcbertragen und dort gespeichert. Angaben dar\u00fcber, welche Daten durch Google verarbeitet und zu welchen Zwecken genutzt werden, finden Sie in der Datenschutzerkl\u00e4rung von Google:<br \/><a href=\"https:\/\/policies.google.com\/privacy?hl=de&amp;gl=de#infocollect\" target=\"_blank\" rel=\"noopener\">https:\/\/policies.google.com\/privacy?hl=de&amp;gl=de#infocollect<\/a><\/p><p><strong>Einsatz von Hotjar mit Einwilligung der Webseiten-Besucher<\/strong><\/p><p>Diese Website benutzt auf Basis der Einwilligung der Webseiten-Besucher Hotjar, einen Webanalysedienst der Hotjar Limited (Hotjar). Hotjar wird verwendet Cookies, um Daten \u00fcber das Benutzerverhalten zu sammeln und kann auch im Rahmen von Umfragen und Feedbackfunktionen, die auf unserer Webseite eingebunden sind, von Ihnen bereitgestellte Informationen verarbeiten. Die durch das Cookie erzeugten Informationen \u00fcber Ihre Benutzung dieser Website k\u00f6nnen auch an einen Server in den USA \u00fcbertragen und dort gespeichert werden. Angaben dar\u00fcber, welche Daten durch Hotjar verarbeitet und zu welchen Zwecken diese genutzt werden, finden Sie in der Datenschutzerkl\u00e4rung von Hotjar: <a href=\"https:\/\/www.hotjar.com\/legal\/policies\/privacy\" target=\"_blank\" rel=\"noopener\">https:\/\/www.hotjar.com\/legal\/policies\/privacy<\/a><\/p><p><strong>Kontaktm\u00f6glichkeit \u00fcber die Internetseite<\/strong><\/p><p>Die Internetseite der ICB innovative cosmetic bands GmbH enth\u00e4lt aufgrund von gesetzlichen Vorschriften Angaben, die eine schnelle elektronische Kontaktaufnahme zu unserem Unternehmen sowie eine unmittelbare Kommunikation mit uns erm\u00f6glichen, was ebenfalls eine allgemeine Adresse der sogenannten elektronischen Post (E-Mail-Adresse) umfasst.<br \/>Im Rahmen der Kundenkommunikation erheben wir zur Bearbeitung Ihrer Anfragen gem\u00e4\u00df Art. 6 Abs. 1 S. 1 lit. b DSGVO personenbezogene Daten, wenn Sie uns diese bei einer Kontaktaufnahme mit uns (z.B. per Kontaktformular oder E-Mail) freiwillig mitteilen. Pflichtfelder werden als solche gekennzeichnet, da wir in diesen F\u00e4llen die Daten zwingend zur Bearbeitung Ihrer Kontaktaufnahme ben\u00f6tigen. Welche Daten erhoben werden, ist aus den jeweiligen Eingabeformularen ersichtlich.<br \/>Wir nutzen das Tool Gorgias von Gorgias Inc., San Francisco, CA, 34 Harriet St, San Francisco, USA, um ihre Anfragen von verschiedenen Kan\u00e4len (Kontaktformular, Chat, E-Mail) schnell und effizient bearbeiten zu k\u00f6nnen.<br \/>Im Rahmen der Nutzung von Gorgias werden folgende personenbezogenen Daten erhoben und verarbeitet: E-Mail-Adresse des Kunden, Informationen \u00fcber die Bestellung\/en des Kunden, Informationen \u00fcber vorherige Interkationen des Kunden mit unserem Kundensupport. Diese Daten werden ausschlie\u00dflich f\u00fcr den Zweck der Bearbeitung von Kundenanfragen und der Verbesserung unseres Kundensupports verwendet.<br \/>Die Speicherung und Analyse der Daten erfolgt auf Grundlage von Art. 6 Abs. 1 lit. f DSGVO. Der Webseitenbetreiber hat ein berechtigtes Interesse an einer m\u00f6glichst unkomplizierten Kommunikation mit Kunden und Interessenten. Sofern eine entsprechende Einwilligung abgefragt wurde (z. B. eine Einwilligung zur Speicherung von Cookies), erfolgt die Verarbeitung ausschlie\u00dflich auf Grundlage von Art. 6 Abs. 1 lit. a DSGVO; die Einwilligung ist jederzeit widerrufbar.<br \/>Gorgias ist als US-amerikanischer Anbieter Privacy-Shield zertifiziert und verpflichtet sich dadurch, das Datenschutzrecht der EU einzuhalten. Zus\u00e4tzlich haben wir mit Gorgias ein Vertrag \u00fcber Auftragsverarbeitung (Data Processing Agreement, DPA) abgeschlossen. Dadurch ist sichergestellt, dass Gorgias die Nutzer-Daten nur im Rahmen der EU-Datenschutznormen ausschlie\u00dflich zur Verarbeitung der Anfragen nutzt und diese nicht an Dritte weiter gibt. Eine Weitergabe dieser Daten an Dritte erfolgt nicht, es sei denn, dies ist zur Erf\u00fcllung unserer vertraglichen Pflichten erforderlich oder wir sind gesetzlich dazu verpflichtet.<br \/>Sollten Sie mit der Bearbeitung Ihrer Anfrage bei uns \u00fcber Gorgias nicht einverstanden sein, k\u00f6nnen Sie alternativ per Telefon mit uns kommunizieren. Die Daten finden Sie im Impressum.<br \/>Weitere Informationen erhalten Sie in der Datenschutzerkl\u00e4rung von Gorgias unter https:\/\/www.gorgias.com\/privacy<\/p><p><strong>Angaben zu weiteren Datenverarbeitungsverfahren<\/strong><\/p><p><strong>Spezifische Angaben zum Bewerbungsverfahren<\/strong><\/p><p>Betroffene Daten: Bewerbungsangaben<\/p><p>Verarbeitungszweck: Durchf\u00fchrung Bewerbungsverfahren.<br \/>Kategorien von Empf\u00e4ngern: \u00d6ffentliche Stellen bei Vorliegen vorrangiger Rechtsvorschriften. Externe Dienstleister oder sonstige Auftragnehmer, u.a. zur Datenverarbeitung und Hosting.\u00a0Weitere externe Stellen soweit der Betroffene seine Einwilligung erteilt hat oder eine \u00dcbermittlung aus \u00fcberwiegendem Interesse zul\u00e4ssig ist, u.a. Kunden und Interessenten im Rahmen der Auftragsakquise.<\/p><p>Drittlandtransfers: Im Rahmen der Vertragsdurchf\u00fchrung k\u00f6nnen auch Auftragsverarbeiter au\u00dferhalb der Europ\u00e4ischen Union zum Einsatz kommen, u.a. E-Mail-Provider.<\/p><p>Dauer Datenspeicherung: Bewerbungsdaten werden nach Mitteilung der Entscheidung in der Regel binnen vier Monaten gel\u00f6scht, soweit nicht eine Einwilligung in eine l\u00e4ngere Datenspeicherung im Rahme der Aufnahme in den Bewerberpool vorliegt.<\/p><p><strong>Spezifische Angaben zur Verarbeitung von Kundendaten\/Interessentendaten<\/strong><\/p><p>Betroffene Daten: Zur Vertragsdurchf\u00fchrung mitgeteilte Daten; ggfs. dar\u00fcber hinaus gehende Daten zur Verarbeitung auf Basis Ihrer ausdr\u00fccklichen Einwilligung.<\/p><p>Verarbeitungszweck: Vertragsdurchf\u00fchrung, u.a. Angebote, Auftr\u00e4ge, Verkauf und Rechnungsstellung, Qualit\u00e4tssicherung.<\/p><p>Kategorien von Empf\u00e4ngern: \u00d6ffentliche Stellen bei Vorliegen vorrangiger Rechtsvorschriften<\/p><p>Externe Dienstleister oder sonstige Auftragnehmer, u.a. zur Datenverarbeitung und Hosting, f\u00fcr Versand, Transport und Logistik, Dienstleister zum Druck und Versand von Informationen. Weitere externe Stellen soweit der Betroffene seine Einwilligung erteilt hat oder eine \u00dcbermittlung aus \u00fcberwiegendem Interesse zul\u00e4ssig ist, u.a. zum elektronischen Versand von Informationen, zu Qualit\u00e4tssicherungszwecken.<\/p><p>Drittlandtransfers: Im Rahmen der Vertragsdurchf\u00fchrung k\u00f6nnen auch Auftragsverarbeiter au\u00dferhalb der Europ\u00e4ischen Union zum Einsatz kommen, u.a. E-Mail-Provider.<\/p><p>Dauer Datenspeicherung: Die Dauer der Datenspeicherung richtet sich nach den gesetzlichen Aufbewahrungspflichten und betr\u00e4gt in der Regel 10 Jahre.<\/p><p><strong>Spezifische Angaben zur Verarbeitung von Besch\u00e4ftigtendaten<\/strong><\/p><p>Betroffene Daten: Zur Vertragsdurchf\u00fchrung mitgeteilte Daten; ggfs. dar\u00fcber hinaus gehende Daten zur Verarbeitung auf Basis Ihrer ausdr\u00fccklichen Einwilligung.<\/p><p>Verarbeitungszweck: Vertragsdurchf\u00fchrung im Rahmen des Besch\u00e4ftigungsverh\u00e4ltnisses.<\/p><p>Kategorien von Empf\u00e4ngern: \u00d6ffentliche Stellen bei Vorliegen vorrangiger Rechtsvorschriften, u.a. Finanzamt, Sozialversicherungstr\u00e4ger, Berufsgenossenschaft. Externe Dienstleister oder sonstige Auftragnehmer, u.a. zur Datenverarbeitung und Hosting, zur Entgeltabrechnung, zur Reisekostenabrechnung, zu Versicherungsleistungen, zur Fahrzeugnutzung. Weitere externe Stellen soweit der Betroffene seine Einwilligung erteilt hat oder eine \u00dcbermittlung aus \u00fcberwiegendem Interesse zul\u00e4ssig ist, u.a. zur Auftragsakquise, zu Versicherungsleistungen.<\/p><p>Drittlandtransfers: Im Rahmen der Vertragsdurchf\u00fchrung k\u00f6nnen auch Auftragsverarbeiter au\u00dferhalb der Europ\u00e4ischen Union zum Einsatz kommen, u.a. E-Mail-Provider.<\/p><p>Dauer Datenspeicherung: Die Dauer der Datenspeicherung richtet sich nach den gesetzlichen Aufbewahrungspflichten und betr\u00e4gt in der Regel 10 Jahre.<\/p><p><strong>Spezifische Angaben zur Verarbeitung von Lieferantendaten<\/strong><\/p><p>Betroffene Daten: Zur Vertragsdurchf\u00fchrung mitgeteilte Daten; ggfs. dar\u00fcber hinaus gehende Daten zur Verarbeitung auf Basis Ihrer ausdr\u00fccklichen Einwilligung.<\/p><p>Verarbeitungszweck: Vertragsdurchf\u00fchrung, u.a. Anfragen, Einkauf, Qualit\u00e4tssicherung.<\/p><p>Kategorien von Empf\u00e4ngern: \u00d6ffentliche Stellen bei Vorliegen vorrangiger Rechtsvorschriften, u.a. Finanzamt, Zoll. Externe Dienstleister oder sonstige Auftragnehmer, u.a. zur Datenverarbeitung und Hosting, Buchhaltung, Zahlungsabwicklung. Weitere externe Stellen soweit der Betroffene seine Einwilligung erteilt hat oder eine \u00dcbermittlung aus \u00fcberwiegendem Interesse zul\u00e4ssig ist.<\/p><p>Drittlandtransfers: Im Rahmen der Vertragsdurchf\u00fchrung k\u00f6nnen auch Auftragsverarbeiter au\u00dferhalb der Europ\u00e4ischen Union zum Einsatz kommen, u.a. E-Mail-Provider.<\/p><p>Dauer Datenspeicherung: Die Dauer der Datenspeicherung richtet sich nach den gesetzlichen Aufbewahrungspflichten und betr\u00e4gt in der Regel 10 Jahre.<\/p><p><strong>Spezifische Angaben zur Nutzung der Video-Konferenz-\/Webinar-Software<\/strong><\/p><p>Betroffene Daten: Zur Nutzung der Video-Konferenz-Software bzw. der Webinar-Software mitgeteilte Daten (insb. Vorname, Nachname, E-Mail-Adresse; optional: Ton-\u00dcbertragung; optional: Bild-\u00dcbertragung; optional: Fragen bei Nutzung von Chat-Funktionen); im technisch erforderlichen Umfang Verarbeitung von Daten ihres Systems zur Herstellung der Verbindung mit dem Anbieter der Konferenz-Software.<\/p><p>Verarbeitungszweck: Durchf\u00fchrung von Video-Konferenzen bzw. Webinaren.<\/p><p>Kategorien von Empf\u00e4ngern: \u00d6ffentliche Stellen bei Vorliegen vorrangiger Rechtsvorschriften. Externe Dienstleister oder sonstige Auftragnehmer, u.a. zur Datenverarbeitung und Hosting. Weitere externe Stellen soweit der Betroffene seine Einwilligung erteilt hat oder eine \u00dcbermittlung aus \u00fcberwiegendem Interesse zul\u00e4ssig ist.<\/p><p>Drittlandtransfers: Es werden Auftragsverarbeiter au\u00dferhalb der Europ\u00e4ischen Union eingesetzt (hier: Vereinigte Staaten von Amerika); es wurden entsprechend Standardvertragsklauseln mit dem Dienstleister abgeschlossen.<\/p><p>Dauer Datenspeicherung: Eine Aufnahme von Video-Konferenzen findet nur mit vorher dokumentierter Zustimmung der Teilnehmer statt. Die technischen Daten werden gel\u00f6scht, sofern sie nicht mehr erforderlich sind. Die Dauer der Datenspeicherung richtet sich im \u00dcbrigen nach den gesetzlichen Aufbewahrungspflichten und betr\u00e4gt in der Regel 10 Jahre.<\/p><p><strong>Weitere Informationen und Kontakte<\/strong><\/p><p>Dar\u00fcber hinaus k\u00f6nnen Sie jederzeit ihre Anspr\u00fcche auf Auskunft, Berichtigung oder L\u00f6schung oder auf Einschr\u00e4nkung der Verarbeitung oder der Wahrnehmung Ihres Widerspruchsrechts gegen die Verarbeitung sowie das Recht auf Daten\u00fcbertragbarkeit geltend machen. <a href=\"\/impressum\/\">Hier<\/a> finden Sie die M\u00f6glichkeit, uns per E-Mail oder Brief zu kontaktieren. Sie haben ferner das Recht, sich bei Beschwerden an die Datenschutz-Aufsichtsbeh\u00f6rde zu wenden.<\/p><h6>Stand Juli 2022<\/h6>\t\t\t\t\t\t\t\t<\/div>\n\t\t\t\t<\/div>\n\t\t\t\t\t<\/div>\n\t\t<\/div>\n\t\t\t\t\t<\/div>\n\t\t<\/section>\n\t\t\t\t<\/div>\n\t\t","protected":false},"excerpt":{"rendered":"<p>Datenschutz Webseiten-Datenschutzerkl\u00e4rung und zugleich Information der Betroffenen gem\u00e4\u00df Artikel 13 und Artikel 14 EU-Datenschutzgrundverordnung Allgemeine Angaben Angaben zur verantwortlichen StelleUnternehmen: ICB innovative cosmetic bands GmbHVertretungsberechtigte Gesch\u00e4ftsf\u00fchrer: Riccardo Granata, Stefan NeumeyerAdresse: Gau\u00dfstra\u00dfe 13, 85757 KarlsfeldTelefon: 0049 8131 390 \u2013 05E-Mail: online@anny-cosmetics.com Kontaktdaten Datenschutzbeauftragter: datenschutz@artdeco.com Allgemeine Datenverarbeitungs-Informationen Betroffene Daten: Personenbezogene Daten werden nur erhoben, wenn Sie uns [&hellip;]<\/p>\n","protected":false},"author":1,"featured_media":21583,"parent":0,"menu_order":0,"comment_status":"closed","ping_status":"open","template":"","meta":{"footnotes":""},"class_list":["post-3","page","type-page","status-publish","has-post-thumbnail","hentry"],"yoast_head":"<!-- This site is optimized with the Yoast SEO plugin v25.7 - https:\/\/yoast.com\/wordpress\/plugins\/seo\/ -->\n<title>Datenschutzerkl\u00e4rung | Informationen und Hinweise | ANNY<\/title>\n<meta name=\"description\" content=\"Datenschutz ist ANNY wichtig: Hier erf\u00e4hrst Du, wie wir mit Daten umgehen und welche Ma\u00dfnahmen wir ergreifen, um Deine Daten zu sch\u00fctzen. \u25b6\" \/>\n<meta name=\"robots\" content=\"index, follow, max-snippet:-1, max-image-preview:large, max-video-preview:-1\" \/>\n<link rel=\"canonical\" href=\"https:\/\/www.anny-cosmetics.com\/de\/datenschutzerklaerung\/\" \/>\n<meta property=\"og:locale\" content=\"de_DE\" \/>\n<meta property=\"og:type\" content=\"article\" \/>\n<meta property=\"og:title\" content=\"Datenschutzerkl\u00e4rung | Informationen und Hinweise | ANNY\" \/>\n<meta property=\"og:description\" content=\"Datenschutz ist ANNY wichtig: Hier erf\u00e4hrst Du, wie wir mit Daten umgehen und welche Ma\u00dfnahmen wir ergreifen, um Deine Daten zu sch\u00fctzen. \u25b6\" \/>\n<meta property=\"og:url\" content=\"https:\/\/www.anny-cosmetics.com\/de\/datenschutzerklaerung\/\" \/>\n<meta property=\"og:site_name\" content=\"ANNY Cosmetics\" \/>\n<meta property=\"article:publisher\" content=\"https:\/\/www.facebook.com\/Anny.cosmetics\/\" \/>\n<meta property=\"article:modified_time\" content=\"2026-04-17T09:02:26+00:00\" \/>\n<meta property=\"og:image\" content=\"https:\/\/www.anny-cosmetics.com\/app\/uploads\/2022\/07\/Banner_Nail-Polish.jpg\" \/>\n\t<meta property=\"og:image:width\" content=\"2000\" \/>\n\t<meta property=\"og:image:height\" content=\"702\" \/>\n\t<meta property=\"og:image:type\" content=\"image\/jpeg\" \/>\n<meta name=\"twitter:card\" content=\"summary_large_image\" \/>\n<meta name=\"twitter:label1\" content=\"Gesch\u00e4tzte Lesezeit\" \/>\n\t<meta name=\"twitter:data1\" content=\"8 Minuten\" \/>\n<script type=\"application\/ld+json\" class=\"yoast-schema-graph\">{\"@context\":\"https:\/\/schema.org\",\"@graph\":[{\"@type\":\"WebPage\",\"@id\":\"https:\/\/www.anny-cosmetics.com\/de\/datenschutzerklaerung\/\",\"url\":\"https:\/\/www.anny-cosmetics.com\/de\/datenschutzerklaerung\/\",\"name\":\"Datenschutzerkl\u00e4rung | Informationen und Hinweise | ANNY\",\"isPartOf\":{\"@id\":\"https:\/\/www.anny-cosmetics.com\/de\/#website\"},\"primaryImageOfPage\":{\"@id\":\"https:\/\/www.anny-cosmetics.com\/de\/datenschutzerklaerung\/#primaryimage\"},\"image\":{\"@id\":\"https:\/\/www.anny-cosmetics.com\/de\/datenschutzerklaerung\/#primaryimage\"},\"thumbnailUrl\":\"https:\/\/www.anny-cosmetics.com\/app\/uploads\/2022\/07\/Banner_Nail-Polish.jpg\",\"datePublished\":\"2022-04-22T11:05:17+00:00\",\"dateModified\":\"2026-04-17T09:02:26+00:00\",\"description\":\"Datenschutz ist ANNY wichtig: Hier erf\u00e4hrst Du, wie wir mit Daten umgehen und welche Ma\u00dfnahmen wir ergreifen, um Deine Daten zu sch\u00fctzen. \u25b6\",\"breadcrumb\":{\"@id\":\"https:\/\/www.anny-cosmetics.com\/de\/datenschutzerklaerung\/#breadcrumb\"},\"inLanguage\":\"de-DE\",\"potentialAction\":[{\"@type\":\"ReadAction\",\"target\":[\"https:\/\/www.anny-cosmetics.com\/de\/datenschutzerklaerung\/\"]}]},{\"@type\":\"ImageObject\",\"inLanguage\":\"de-DE\",\"@id\":\"https:\/\/www.anny-cosmetics.com\/de\/datenschutzerklaerung\/#primaryimage\",\"url\":\"https:\/\/www.anny-cosmetics.com\/app\/uploads\/2022\/07\/Banner_Nail-Polish.jpg\",\"contentUrl\":\"https:\/\/www.anny-cosmetics.com\/app\/uploads\/2022\/07\/Banner_Nail-Polish.jpg\",\"width\":2000,\"height\":702,\"caption\":\"Nail Polish Banner | ANNY\"},{\"@type\":\"BreadcrumbList\",\"@id\":\"https:\/\/www.anny-cosmetics.com\/de\/datenschutzerklaerung\/#breadcrumb\",\"itemListElement\":[{\"@type\":\"ListItem\",\"position\":1,\"name\":\"Home\",\"item\":\"https:\/\/www.anny-cosmetics.com\/de\/\"},{\"@type\":\"ListItem\",\"position\":2,\"name\":\"Datenschutzerkl\u00e4rung\"}]},{\"@type\":\"WebSite\",\"@id\":\"https:\/\/www.anny-cosmetics.com\/de\/#website\",\"url\":\"https:\/\/www.anny-cosmetics.com\/de\/\",\"name\":\"ANNY Cosmetics\",\"description\":\"\",\"potentialAction\":[{\"@type\":\"SearchAction\",\"target\":{\"@type\":\"EntryPoint\",\"urlTemplate\":\"https:\/\/www.anny-cosmetics.com\/de\/?s={search_term_string}\"},\"query-input\":{\"@type\":\"PropertyValueSpecification\",\"valueRequired\":true,\"valueName\":\"search_term_string\"}}],\"inLanguage\":\"de-DE\"}]}<\/script>\n<!-- \/ Yoast SEO plugin. -->","yoast_head_json":{"title":"Datenschutzerkl\u00e4rung | Informationen und Hinweise | ANNY","description":"Datenschutz ist ANNY wichtig: Hier erf\u00e4hrst Du, wie wir mit Daten umgehen und welche Ma\u00dfnahmen wir ergreifen, um Deine Daten zu sch\u00fctzen. \u25b6","robots":{"index":"index","follow":"follow","max-snippet":"max-snippet:-1","max-image-preview":"max-image-preview:large","max-video-preview":"max-video-preview:-1"},"canonical":"https:\/\/www.anny-cosmetics.com\/de\/datenschutzerklaerung\/","og_locale":"de_DE","og_type":"article","og_title":"Datenschutzerkl\u00e4rung | Informationen und Hinweise | ANNY","og_description":"Datenschutz ist ANNY wichtig: Hier erf\u00e4hrst Du, wie wir mit Daten umgehen und welche Ma\u00dfnahmen wir ergreifen, um Deine Daten zu sch\u00fctzen. \u25b6","og_url":"https:\/\/www.anny-cosmetics.com\/de\/datenschutzerklaerung\/","og_site_name":"ANNY Cosmetics","article_publisher":"https:\/\/www.facebook.com\/Anny.cosmetics\/","article_modified_time":"2026-04-17T09:02:26+00:00","og_image":[{"width":2000,"height":702,"url":"https:\/\/www.anny-cosmetics.com\/app\/uploads\/2022\/07\/Banner_Nail-Polish.jpg","type":"image\/jpeg"}],"twitter_card":"summary_large_image","twitter_misc":{"Gesch\u00e4tzte Lesezeit":"8 Minuten"},"schema":{"@context":"https:\/\/schema.org","@graph":[{"@type":"WebPage","@id":"https:\/\/www.anny-cosmetics.com\/de\/datenschutzerklaerung\/","url":"https:\/\/www.anny-cosmetics.com\/de\/datenschutzerklaerung\/","name":"Datenschutzerkl\u00e4rung | Informationen und Hinweise | ANNY","isPartOf":{"@id":"https:\/\/www.anny-cosmetics.com\/de\/#website"},"primaryImageOfPage":{"@id":"https:\/\/www.anny-cosmetics.com\/de\/datenschutzerklaerung\/#primaryimage"},"image":{"@id":"https:\/\/www.anny-cosmetics.com\/de\/datenschutzerklaerung\/#primaryimage"},"thumbnailUrl":"https:\/\/www.anny-cosmetics.com\/app\/uploads\/2022\/07\/Banner_Nail-Polish.jpg","datePublished":"2022-04-22T11:05:17+00:00","dateModified":"2026-04-17T09:02:26+00:00","description":"Datenschutz ist ANNY wichtig: Hier erf\u00e4hrst Du, wie wir mit Daten umgehen und welche Ma\u00dfnahmen wir ergreifen, um Deine Daten zu sch\u00fctzen. \u25b6","breadcrumb":{"@id":"https:\/\/www.anny-cosmetics.com\/de\/datenschutzerklaerung\/#breadcrumb"},"inLanguage":"de-DE","potentialAction":[{"@type":"ReadAction","target":["https:\/\/www.anny-cosmetics.com\/de\/datenschutzerklaerung\/"]}]},{"@type":"ImageObject","inLanguage":"de-DE","@id":"https:\/\/www.anny-cosmetics.com\/de\/datenschutzerklaerung\/#primaryimage","url":"https:\/\/www.anny-cosmetics.com\/app\/uploads\/2022\/07\/Banner_Nail-Polish.jpg","contentUrl":"https:\/\/www.anny-cosmetics.com\/app\/uploads\/2022\/07\/Banner_Nail-Polish.jpg","width":2000,"height":702,"caption":"Nail Polish Banner | ANNY"},{"@type":"BreadcrumbList","@id":"https:\/\/www.anny-cosmetics.com\/de\/datenschutzerklaerung\/#breadcrumb","itemListElement":[{"@type":"ListItem","position":1,"name":"Home","item":"https:\/\/www.anny-cosmetics.com\/de\/"},{"@type":"ListItem","position":2,"name":"Datenschutzerkl\u00e4rung"}]},{"@type":"WebSite","@id":"https:\/\/www.anny-cosmetics.com\/de\/#website","url":"https:\/\/www.anny-cosmetics.com\/de\/","name":"ANNY Cosmetics","description":"","potentialAction":[{"@type":"SearchAction","target":{"@type":"EntryPoint","urlTemplate":"https:\/\/www.anny-cosmetics.com\/de\/?s={search_term_string}"},"query-input":{"@type":"PropertyValueSpecification","valueRequired":true,"valueName":"search_term_string"}}],"inLanguage":"de-DE"}]}},"_links":{"self":[{"href":"https:\/\/www.anny-cosmetics.com\/de\/wp-json\/wp\/v2\/pages\/3","targetHints":{"allow":["GET"]}}],"collection":[{"href":"https:\/\/www.anny-cosmetics.com\/de\/wp-json\/wp\/v2\/pages"}],"about":[{"href":"https:\/\/www.anny-cosmetics.com\/de\/wp-json\/wp\/v2\/types\/page"}],"author":[{"embeddable":true,"href":"https:\/\/www.anny-cosmetics.com\/de\/wp-json\/wp\/v2\/users\/1"}],"replies":[{"embeddable":true,"href":"https:\/\/www.anny-cosmetics.com\/de\/wp-json\/wp\/v2\/comments?post=3"}],"version-history":[{"count":40,"href":"https:\/\/www.anny-cosmetics.com\/de\/wp-json\/wp\/v2\/pages\/3\/revisions"}],"predecessor-version":[{"id":92815,"href":"https:\/\/www.anny-cosmetics.com\/de\/wp-json\/wp\/v2\/pages\/3\/revisions\/92815"}],"wp:featuredmedia":[{"embeddable":true,"href":"https:\/\/www.anny-cosmetics.com\/de\/wp-json\/wp\/v2\/media\/21583"}],"wp:attachment":[{"href":"https:\/\/www.anny-cosmetics.com\/de\/wp-json\/wp\/v2\/media?parent=3"}],"curies":[{"name":"wp","href":"https:\/\/api.w.org\/{rel}","templated":true}]}}